{"id":2938,"date":"2024-11-05T18:04:27","date_gmt":"2024-11-05T18:04:27","guid":{"rendered":"https:\/\/acusticum.net\/acusticum-studio\/"},"modified":"2025-01-21T15:35:42","modified_gmt":"2025-01-21T15:35:42","slug":"acusticum-studio","status":"publish","type":"page","link":"https:\/\/acusticum.net\/fr\/acusticum-studio\/","title":{"rendered":"Acusticum Studio"},"content":{"rendered":"\n<div class=\"wp-block-cover alignfull is-light\" style=\"min-height:300px;aspect-ratio:unset;\"><span aria-hidden=\"true\" class=\"wp-block-cover__background has-nv-site-bg-background-color has-background-dim-100 has-background-dim\"><\/span><div class=\"wp-block-cover__inner-container is-layout-flow wp-block-cover-is-layout-flow\">\n<div style=\"height:75px\" aria-hidden=\"true\" class=\"wp-block-spacer\"><\/div>\n\n\n\n<div class=\"wp-block-group\"><div class=\"wp-block-group__inner-container is-layout-flow wp-block-group-is-layout-flow\">\n<h2 class=\"wp-block-heading has-text-align-left has-neve-text-color-color has-text-color\">Acusticum Studio<\/h2>\n<\/div><\/div>\n\n\n\n<p class=\"has-neve-text-color-color has-text-color has-link-color wp-elements-ee9c1ab5684c56085e81aa2db4e8e76b\">D\u00e8s le d\u00e9but de notre projet <strong>ACUSTICUM<\/strong>, l&rsquo;\u00e9quipe d&rsquo;<a href=\"https:\/\/www.acusticum.studio\/\" data-type=\"link\" data-id=\"https:\/\/www.acusticum.studio\/sobre-nosotros\/\" target=\"_blank\" rel=\"noreferrer noopener\">Acusticum Studio<\/a>, form\u00e9e par Gustavo et Ray, a uni ses forces, apportant sa cr\u00e9ativit\u00e9 et son engagement pour assurer le succ\u00e8s du projet. Leur implication et leur vision commune sont fondamentales pour d\u00e9velopper chaque \u00e9tape avec qualit\u00e9 et cr\u00e9ativit\u00e9. <\/p>\n<\/div><\/div>\n\n<div style=\"height:70px\" aria-hidden=\"true\" class=\"wp-block-spacer\"><\/div>\n\n<div class=\"wp-block-cover alignfull is-light\" style=\"min-height:600px;aspect-ratio:unset;\"><span aria-hidden=\"true\" class=\"wp-block-cover__background has-nv-light-bg-background-color has-background-dim-100 has-background-dim\"><\/span><div class=\"wp-block-cover__inner-container is-layout-flow wp-block-cover-is-layout-flow\">\n<div class=\"wp-block-group\"><div class=\"wp-block-group__inner-container is-layout-flow wp-block-group-is-layout-flow\">\n<div style=\"height:80px\" aria-hidden=\"true\" class=\"wp-block-spacer\"><\/div>\n\n\n\n<div class=\"wp-block-columns are-vertically-aligned-center is-layout-flex wp-container-core-columns-is-layout-9d6595d7 wp-block-columns-is-layout-flex\">\n<div class=\"wp-block-column is-vertically-aligned-center is-layout-flow wp-block-column-is-layout-flow\" style=\"flex-basis:50%\"><div class=\"wp-block-image is-style-rounded\">\n<figure class=\"aligncenter size-large is-resized\"><img loading=\"lazy\" decoding=\"async\" width=\"1024\" height=\"1024\" src=\"https:\/\/acusticum.net\/wp-content\/uploads\/2024\/11\/Gustavo-1024x1024.jpg\" alt=\"\" class=\"wp-image-1096\" style=\"width:300px\" srcset=\"https:\/\/acusticum.net\/wp-content\/uploads\/2024\/11\/Gustavo-1024x1024.jpg 1024w, https:\/\/acusticum.net\/wp-content\/uploads\/2024\/11\/Gustavo-300x300.jpg 300w, https:\/\/acusticum.net\/wp-content\/uploads\/2024\/11\/Gustavo-150x150.jpg 150w, https:\/\/acusticum.net\/wp-content\/uploads\/2024\/11\/Gustavo-768x768.jpg 768w, https:\/\/acusticum.net\/wp-content\/uploads\/2024\/11\/Gustavo.jpg 1130w\" sizes=\"auto, (max-width: 1024px) 100vw, 1024px\" \/><\/figure>\n<\/div>\n\n\n<div style=\"height:24px\" aria-hidden=\"true\" class=\"wp-block-spacer\"><\/div>\n\n\n\n<h4 class=\"wp-block-heading has-text-align-center has-neve-text-color-color has-text-color\">Gustavo Martinez<\/h4>\n\n\n\n<p class=\"has-text-align-center has-neve-text-color-color has-text-color\">Esprit agit\u00e9, cr\u00e9atif et anticonformiste, toujours \u00e0 la recherche de nouvelles id\u00e9es et de moyens d&rsquo;am\u00e9liorer l&rsquo;environnement qui l&rsquo;entoure. Il est naturellement accessible et passionn\u00e9 par la conception, combinant sa vision artistique avec une solide formation technique pour cr\u00e9er des solutions uniques et fonctionnelles. <\/p>\n\n\n\n<div class=\"wp-block-buttons is-content-justification-center is-layout-flex wp-container-core-buttons-is-layout-16018d1d wp-block-buttons-is-layout-flex\">\n<div class=\"wp-block-button is-style-secondary\"><a class=\"wp-block-button__link wp-element-button\" href=\"https:\/\/www.acusticum.studio\/sobre-nosotros\/\" style=\"border-width:1px;border-radius:80px;padding-top:var(--wp--preset--spacing--30);padding-right:var(--wp--preset--spacing--40);padding-bottom:var(--wp--preset--spacing--30);padding-left:var(--wp--preset--spacing--40)\" target=\"_blank\" rel=\"noreferrer noopener\">Apprenez \u00e0 les conna\u00eetre en d\u00e9tail<\/a><\/div>\n<\/div>\n\n\n\n<div style=\"height:40px\" aria-hidden=\"true\" class=\"wp-block-spacer\"><\/div>\n<\/div>\n\n\n\n<div class=\"wp-block-column is-vertically-aligned-center is-layout-flow wp-block-column-is-layout-flow\" style=\"flex-basis:50%\"><div class=\"wp-block-image is-style-rounded\">\n<figure class=\"aligncenter size-large is-resized\"><img loading=\"lazy\" decoding=\"async\" width=\"1024\" height=\"1024\" src=\"https:\/\/acusticum.net\/wp-content\/uploads\/2024\/11\/ray-1024x1024.jpg\" alt=\"\" class=\"wp-image-1097\" style=\"width:300px\" srcset=\"https:\/\/acusticum.net\/wp-content\/uploads\/2024\/11\/ray-1024x1024.jpg 1024w, https:\/\/acusticum.net\/wp-content\/uploads\/2024\/11\/ray-300x300.jpg 300w, https:\/\/acusticum.net\/wp-content\/uploads\/2024\/11\/ray-150x150.jpg 150w, https:\/\/acusticum.net\/wp-content\/uploads\/2024\/11\/ray-768x768.jpg 768w, https:\/\/acusticum.net\/wp-content\/uploads\/2024\/11\/ray.jpg 1130w\" sizes=\"auto, (max-width: 1024px) 100vw, 1024px\" \/><\/figure>\n<\/div>\n\n\n<div style=\"height:24px\" aria-hidden=\"true\" class=\"wp-block-spacer\"><\/div>\n\n\n\n<h4 class=\"wp-block-heading has-text-align-center has-neve-text-color-color has-text-color\">Ray P. De Luca<\/h4>\n\n\n\n<p class=\"has-text-align-center has-neve-text-color-color has-text-color\">Ax\u00e9 sur l&rsquo;art en 3D, il se passionne pour la reproduction et la conceptualisation de l&rsquo;environnement qui l&rsquo;entoure. Un explorateur constant \u00e0 la recherche de recr\u00e9ation d&rsquo;objets, de mat\u00e9riaux et de textures, un amoureux des lumi\u00e8res et du spectre infini des possibilit\u00e9s cr\u00e9atives qu&rsquo;elles offrent. <\/p>\n\n\n\n<div class=\"wp-block-buttons is-content-justification-center is-layout-flex wp-container-core-buttons-is-layout-16018d1d wp-block-buttons-is-layout-flex\">\n<div class=\"wp-block-button is-style-secondary\"><a class=\"wp-block-button__link wp-element-button\" href=\"https:\/\/www.acusticum.studio\/sobre-nosotros\/\" style=\"border-width:1px;border-radius:80px;padding-top:var(--wp--preset--spacing--30);padding-right:var(--wp--preset--spacing--40);padding-bottom:var(--wp--preset--spacing--30);padding-left:var(--wp--preset--spacing--40)\" target=\"_blank\" rel=\"noreferrer noopener\">D\u00e9couvrez-le en d\u00e9tail<\/a><\/div>\n<\/div>\n\n\n\n<div style=\"height:40px\" aria-hidden=\"true\" class=\"wp-block-spacer\"><\/div>\n<\/div>\n<\/div>\n\n\n\n<div style=\"height:40px\" aria-hidden=\"true\" class=\"wp-block-spacer\"><\/div>\n<\/div><\/div>\n<\/div><\/div>\n","protected":false},"excerpt":{"rendered":"","protected":false},"author":1,"featured_media":0,"parent":0,"menu_order":0,"comment_status":"closed","ping_status":"closed","template":"","meta":{"neve_meta_sidebar":"","neve_meta_container":"","neve_meta_enable_content_width":"on","neve_meta_content_width":100,"neve_meta_title_alignment":"","neve_meta_author_avatar":"","neve_post_elements_order":"","neve_meta_disable_header":"","neve_meta_disable_footer":"","neve_meta_disable_title":"on","footnotes":""},"class_list":["post-2938","page","type-page","status-publish","hentry"],"yoast_head":"<!-- This site is optimized with the Yoast SEO plugin v27.2 - https:\/\/yoast.com\/product\/yoast-seo-wordpress\/ -->\n<title>Acusticum Studio -<\/title>\n<meta name=\"robots\" content=\"index, follow, max-snippet:-1, max-image-preview:large, max-video-preview:-1\" \/>\n<link rel=\"canonical\" href=\"https:\/\/acusticum.net\/fr\/acusticum-studio\/\" \/>\n<meta property=\"og:locale\" content=\"fr_FR\" \/>\n<meta property=\"og:type\" content=\"article\" \/>\n<meta property=\"og:title\" content=\"Acusticum Studio -\" \/>\n<meta property=\"og:url\" content=\"https:\/\/acusticum.net\/fr\/acusticum-studio\/\" \/>\n<meta property=\"article:modified_time\" content=\"2025-01-21T15:35:42+00:00\" \/>\n<meta property=\"og:image\" content=\"https:\/\/acusticum.net\/wp-content\/uploads\/2024\/11\/Gustavo-1024x1024.jpg\" \/>\n<meta name=\"twitter:card\" content=\"summary_large_image\" \/>\n<meta name=\"twitter:label1\" content=\"Dur\u00e9e de lecture estim\u00e9e\" \/>\n\t<meta name=\"twitter:data1\" content=\"1 minute\" \/>\n<script type=\"application\/ld+json\" class=\"yoast-schema-graph\">{\"@context\":\"https:\/\/schema.org\",\"@graph\":[{\"@type\":\"WebPage\",\"@id\":\"https:\/\/acusticum.net\/fr\/acusticum-studio\/\",\"url\":\"https:\/\/acusticum.net\/fr\/acusticum-studio\/\",\"name\":\"Acusticum Studio -\",\"isPartOf\":{\"@id\":\"https:\/\/acusticum.net\/#website\"},\"primaryImageOfPage\":{\"@id\":\"https:\/\/acusticum.net\/fr\/acusticum-studio\/#primaryimage\"},\"image\":{\"@id\":\"https:\/\/acusticum.net\/fr\/acusticum-studio\/#primaryimage\"},\"thumbnailUrl\":\"https:\/\/acusticum.net\/wp-content\/uploads\/2024\/11\/Gustavo-1024x1024.jpg\",\"datePublished\":\"2024-11-05T18:04:27+00:00\",\"dateModified\":\"2025-01-21T15:35:42+00:00\",\"breadcrumb\":{\"@id\":\"https:\/\/acusticum.net\/fr\/acusticum-studio\/#breadcrumb\"},\"inLanguage\":\"fr-FR\",\"potentialAction\":[{\"@type\":\"ReadAction\",\"target\":[\"https:\/\/acusticum.net\/fr\/acusticum-studio\/\"]}]},{\"@type\":\"ImageObject\",\"inLanguage\":\"fr-FR\",\"@id\":\"https:\/\/acusticum.net\/fr\/acusticum-studio\/#primaryimage\",\"url\":\"https:\/\/acusticum.net\/wp-content\/uploads\/2024\/11\/Gustavo-1024x1024.jpg\",\"contentUrl\":\"https:\/\/acusticum.net\/wp-content\/uploads\/2024\/11\/Gustavo-1024x1024.jpg\"},{\"@type\":\"BreadcrumbList\",\"@id\":\"https:\/\/acusticum.net\/fr\/acusticum-studio\/#breadcrumb\",\"itemListElement\":[{\"@type\":\"ListItem\",\"position\":1,\"name\":\"Portada\",\"item\":\"https:\/\/acusticum.net\/\"},{\"@type\":\"ListItem\",\"position\":2,\"name\":\"Acusticum Studio\"}]},{\"@type\":\"WebSite\",\"@id\":\"https:\/\/acusticum.net\/#website\",\"url\":\"https:\/\/acusticum.net\/\",\"name\":\"acusticum.com\",\"description\":\"Dise&ntilde;o que ilumina, ac&uacute;stica que transforma, sostenibilidad que inspira.\",\"publisher\":{\"@id\":\"https:\/\/acusticum.net\/#organization\"},\"potentialAction\":[{\"@type\":\"SearchAction\",\"target\":{\"@type\":\"EntryPoint\",\"urlTemplate\":\"https:\/\/acusticum.net\/?s={search_term_string}\"},\"query-input\":{\"@type\":\"PropertyValueSpecification\",\"valueRequired\":true,\"valueName\":\"search_term_string\"}}],\"inLanguage\":\"fr-FR\"},{\"@type\":\"Organization\",\"@id\":\"https:\/\/acusticum.net\/#organization\",\"name\":\"Acusticum\",\"url\":\"https:\/\/acusticum.net\/\",\"logo\":{\"@type\":\"ImageObject\",\"inLanguage\":\"fr-FR\",\"@id\":\"https:\/\/acusticum.net\/#\/schema\/logo\/image\/\",\"url\":\"https:\/\/acusticum.net\/wp-content\/uploads\/2025\/02\/cropped-A_fab-1.png\",\"contentUrl\":\"https:\/\/acusticum.net\/wp-content\/uploads\/2025\/02\/cropped-A_fab-1.png\",\"width\":512,\"height\":512,\"caption\":\"Acusticum\"},\"image\":{\"@id\":\"https:\/\/acusticum.net\/#\/schema\/logo\/image\/\"}}]}<\/script>\n<!-- \/ Yoast SEO plugin. -->","yoast_head_json":{"title":"Acusticum Studio -","robots":{"index":"index","follow":"follow","max-snippet":"max-snippet:-1","max-image-preview":"max-image-preview:large","max-video-preview":"max-video-preview:-1"},"canonical":"https:\/\/acusticum.net\/fr\/acusticum-studio\/","og_locale":"fr_FR","og_type":"article","og_title":"Acusticum Studio -","og_url":"https:\/\/acusticum.net\/fr\/acusticum-studio\/","article_modified_time":"2025-01-21T15:35:42+00:00","og_image":[{"url":"https:\/\/acusticum.net\/wp-content\/uploads\/2024\/11\/Gustavo-1024x1024.jpg","type":"","width":"","height":""}],"twitter_card":"summary_large_image","twitter_misc":{"Dur\u00e9e de lecture estim\u00e9e":"1 minute"},"schema":{"@context":"https:\/\/schema.org","@graph":[{"@type":"WebPage","@id":"https:\/\/acusticum.net\/fr\/acusticum-studio\/","url":"https:\/\/acusticum.net\/fr\/acusticum-studio\/","name":"Acusticum Studio -","isPartOf":{"@id":"https:\/\/acusticum.net\/#website"},"primaryImageOfPage":{"@id":"https:\/\/acusticum.net\/fr\/acusticum-studio\/#primaryimage"},"image":{"@id":"https:\/\/acusticum.net\/fr\/acusticum-studio\/#primaryimage"},"thumbnailUrl":"https:\/\/acusticum.net\/wp-content\/uploads\/2024\/11\/Gustavo-1024x1024.jpg","datePublished":"2024-11-05T18:04:27+00:00","dateModified":"2025-01-21T15:35:42+00:00","breadcrumb":{"@id":"https:\/\/acusticum.net\/fr\/acusticum-studio\/#breadcrumb"},"inLanguage":"fr-FR","potentialAction":[{"@type":"ReadAction","target":["https:\/\/acusticum.net\/fr\/acusticum-studio\/"]}]},{"@type":"ImageObject","inLanguage":"fr-FR","@id":"https:\/\/acusticum.net\/fr\/acusticum-studio\/#primaryimage","url":"https:\/\/acusticum.net\/wp-content\/uploads\/2024\/11\/Gustavo-1024x1024.jpg","contentUrl":"https:\/\/acusticum.net\/wp-content\/uploads\/2024\/11\/Gustavo-1024x1024.jpg"},{"@type":"BreadcrumbList","@id":"https:\/\/acusticum.net\/fr\/acusticum-studio\/#breadcrumb","itemListElement":[{"@type":"ListItem","position":1,"name":"Portada","item":"https:\/\/acusticum.net\/"},{"@type":"ListItem","position":2,"name":"Acusticum Studio"}]},{"@type":"WebSite","@id":"https:\/\/acusticum.net\/#website","url":"https:\/\/acusticum.net\/","name":"acusticum.com","description":"Dise&ntilde;o que ilumina, ac&uacute;stica que transforma, sostenibilidad que inspira.","publisher":{"@id":"https:\/\/acusticum.net\/#organization"},"potentialAction":[{"@type":"SearchAction","target":{"@type":"EntryPoint","urlTemplate":"https:\/\/acusticum.net\/?s={search_term_string}"},"query-input":{"@type":"PropertyValueSpecification","valueRequired":true,"valueName":"search_term_string"}}],"inLanguage":"fr-FR"},{"@type":"Organization","@id":"https:\/\/acusticum.net\/#organization","name":"Acusticum","url":"https:\/\/acusticum.net\/","logo":{"@type":"ImageObject","inLanguage":"fr-FR","@id":"https:\/\/acusticum.net\/#\/schema\/logo\/image\/","url":"https:\/\/acusticum.net\/wp-content\/uploads\/2025\/02\/cropped-A_fab-1.png","contentUrl":"https:\/\/acusticum.net\/wp-content\/uploads\/2025\/02\/cropped-A_fab-1.png","width":512,"height":512,"caption":"Acusticum"},"image":{"@id":"https:\/\/acusticum.net\/#\/schema\/logo\/image\/"}}]}},"_links":{"self":[{"href":"https:\/\/acusticum.net\/fr\/wp-json\/wp\/v2\/pages\/2938","targetHints":{"allow":["GET"]}}],"collection":[{"href":"https:\/\/acusticum.net\/fr\/wp-json\/wp\/v2\/pages"}],"about":[{"href":"https:\/\/acusticum.net\/fr\/wp-json\/wp\/v2\/types\/page"}],"author":[{"embeddable":true,"href":"https:\/\/acusticum.net\/fr\/wp-json\/wp\/v2\/users\/1"}],"replies":[{"embeddable":true,"href":"https:\/\/acusticum.net\/fr\/wp-json\/wp\/v2\/comments?post=2938"}],"version-history":[{"count":1,"href":"https:\/\/acusticum.net\/fr\/wp-json\/wp\/v2\/pages\/2938\/revisions"}],"predecessor-version":[{"id":2939,"href":"https:\/\/acusticum.net\/fr\/wp-json\/wp\/v2\/pages\/2938\/revisions\/2939"}],"wp:attachment":[{"href":"https:\/\/acusticum.net\/fr\/wp-json\/wp\/v2\/media?parent=2938"}],"curies":[{"name":"wp","href":"https:\/\/api.w.org\/{rel}","templated":true}]}}