{"id":3027,"date":"2025-01-02T12:58:45","date_gmt":"2025-01-02T12:58:45","guid":{"rendered":"https:\/\/acusticum.net\/conditions-generales-dutilisation\/"},"modified":"2025-01-21T15:36:15","modified_gmt":"2025-01-21T15:36:15","slug":"conditions-generales-dutilisation","status":"publish","type":"page","link":"https:\/\/acusticum.net\/fr\/conditions-generales-dutilisation\/","title":{"rendered":"Conditions g\u00e9n\u00e9rales d&rsquo;utilisation"},"content":{"rendered":"\n<h2 class=\"wp-block-heading\">Conditions g\u00e9n\u00e9rales d&rsquo;utilisation<\/h2>\n\n<h3 class=\"wp-block-heading\">1. l&rsquo;identification de la personne responsable<\/h3>\n\n<p>Ce document d\u00e9finit les conditions d&rsquo;utilisation du site web d&rsquo;<strong>Acusticum<\/strong>. Vous pouvez nous contacter par courrier \u00e9lectronique \u00e0 l&rsquo;adresse <a>info@acusticum.net<\/a>.<\/p>\n\n<h3 class=\"wp-block-heading\">2. L&rsquo;objet<\/h3>\n\n<p>L&rsquo;objectif du site web est de fournir des informations sur les services et les produits offerts par <strong>Acusticum<\/strong>, ainsi que de faciliter le contact avec l&rsquo;entreprise par le biais de formulaires.<\/p>\n\n<h3 class=\"wp-block-heading\">3. Acceptation des conditions<\/h3>\n\n<p>L&rsquo;acc\u00e8s et l&rsquo;utilisation de ce site web impliquent l&rsquo;acceptation pleine et enti\u00e8re des pr\u00e9sentes conditions g\u00e9n\u00e9rales, ainsi que de notre politique de confidentialit\u00e9 et de notre politique en mati\u00e8re de cookies.<\/p>\n\n<h3 class=\"wp-block-heading\">4. Utilisation autoris\u00e9e<\/h3>\n\n<p>L&rsquo;utilisateur s&rsquo;engage \u00e0 :<\/p>\n\n<ul class=\"wp-block-list\">\n<li>Utilisez le site web de mani\u00e8re l\u00e9gale et respectueuse.<\/li>\n\n\n\n<li>Ne pas mener d&rsquo;activit\u00e9s illicites, frauduleuses ou susceptibles de nuire aux int\u00e9r\u00eats d&rsquo;<strong>Acusticum<\/strong> ou de tiers.<\/li>\n\n\n\n<li>N&rsquo;essayez pas d&rsquo;acc\u00e9der, d&rsquo;endommager ou de manipuler les donn\u00e9es du site web.<\/li>\n<\/ul>\n\n<h3 class=\"wp-block-heading\">5. Propri\u00e9t\u00e9 intellectuelle<\/h3>\n\n<p>Tout le contenu, le texte, les images et les logos de ce site sont la propri\u00e9t\u00e9 d&rsquo;<strong>Acusticum<\/strong> ou de tiers et sont prot\u00e9g\u00e9s par les lois sur la propri\u00e9t\u00e9 intellectuelle. Toute reproduction, distribution ou modification sans autorisation expresse est interdite.<\/p>\n\n<h3 class=\"wp-block-heading\">6. Exclusion de la responsabilit\u00e9<\/h3>\n\n<p><strong>Acusticum<\/strong> n&rsquo;est pas responsable de :<\/p>\n\n<ul class=\"wp-block-list\">\n<li>Les erreurs techniques qui peuvent emp\u00eacher l&rsquo;acc\u00e8s au site web.<\/li>\n\n\n\n<li>Le contenu externe ou les liens qui peuvent appara\u00eetre sur le site web.<\/li>\n\n\n\n<li>Les dommages caus\u00e9s par l&rsquo;utilisation inappropri\u00e9e des informations fournies sur le site web.<\/li>\n<\/ul>\n\n<h3 class=\"wp-block-heading\">7. Traitement des donn\u00e9es \u00e0 caract\u00e8re personnel<\/h3>\n\n<p>Pour plus d&rsquo;informations sur la mani\u00e8re dont nous traitons vos donn\u00e9es personnelles, veuillez consulter notre <a>politique de confidentialit\u00e9<\/a>.<\/p>\n\n<h3 class=\"wp-block-heading\">8. Modifications<\/h3>\n\n<p><strong>Acusticum<\/strong> se r\u00e9serve le droit de modifier ces conditions \u00e0 tout moment. Les modifications seront publi\u00e9es sur cette page et entreront en vigueur imm\u00e9diatement apr\u00e8s leur publication.<\/p>\n\n<h3 class=\"wp-block-heading\">9. Droit applicable et juridiction<\/h3>\n\n<p>Les pr\u00e9sentes conditions g\u00e9n\u00e9rales sont r\u00e9gies par le droit espagnol. Pour tout conflit pouvant d\u00e9couler de l&rsquo;utilisation du site web, les parties se soumettront aux cours et tribunaux de Matar\u00f3.<\/p>\n\n<p>Date de la derni\u00e8re mise \u00e0 jour : 2 janvier 2025.<\/p>\n\n<h3 class=\"wp-block-heading\">10. Contact<\/h3>\n\n<p>Si vous avez des questions concernant les pr\u00e9sentes conditions g\u00e9n\u00e9rales, vous pouvez nous contacter par courrier \u00e9lectronique \u00e0 l&rsquo;adresse <a>info@acusticum.net<\/a>.<\/p>\n","protected":false},"excerpt":{"rendered":"<p>Conditions g\u00e9n\u00e9rales d&rsquo;utilisation 1. l&rsquo;identification de la personne responsable Ce document d\u00e9finit les conditions d&rsquo;utilisation du site web d&rsquo;Acusticum. Vous pouvez nous contacter par courrier \u00e9lectronique \u00e0 l&rsquo;adresse info@acusticum.net. 2. L&rsquo;objet L&rsquo;objectif du site web est de fournir des informations sur les services et les produits offerts par Acusticum, ainsi que de faciliter le contact&hellip;&nbsp;<a href=\"https:\/\/acusticum.net\/fr\/conditions-generales-dutilisation\/\" rel=\"bookmark\">Lire la suite &raquo;<span class=\"screen-reader-text\">Conditions g\u00e9n\u00e9rales d&rsquo;utilisation<\/span><\/a><\/p>\n","protected":false},"author":1,"featured_media":0,"parent":0,"menu_order":0,"comment_status":"closed","ping_status":"closed","template":"","meta":{"neve_meta_sidebar":"","neve_meta_container":"","neve_meta_enable_content_width":"","neve_meta_content_width":0,"neve_meta_title_alignment":"","neve_meta_author_avatar":"","neve_post_elements_order":"","neve_meta_disable_header":"","neve_meta_disable_footer":"","neve_meta_disable_title":"on","footnotes":""},"class_list":["post-3027","page","type-page","status-publish","hentry"],"yoast_head":"<!-- This site is optimized with the Yoast SEO plugin v27.2 - https:\/\/yoast.com\/product\/yoast-seo-wordpress\/ -->\n<title>Conditions g\u00e9n\u00e9rales d&#039;utilisation -<\/title>\n<meta name=\"robots\" content=\"index, follow, max-snippet:-1, max-image-preview:large, max-video-preview:-1\" \/>\n<link rel=\"canonical\" href=\"https:\/\/acusticum.net\/fr\/conditions-generales-dutilisation\/\" \/>\n<meta property=\"og:locale\" content=\"fr_FR\" \/>\n<meta property=\"og:type\" content=\"article\" \/>\n<meta property=\"og:title\" content=\"Conditions g\u00e9n\u00e9rales d&#039;utilisation -\" \/>\n<meta property=\"og:description\" content=\"Conditions g\u00e9n\u00e9rales d&rsquo;utilisation 1. l&rsquo;identification de la personne responsable Ce document d\u00e9finit les conditions d&rsquo;utilisation du site web d&rsquo;Acusticum. Vous pouvez nous contacter par courrier \u00e9lectronique \u00e0 l&rsquo;adresse info@acusticum.net. 2. L&rsquo;objet L&rsquo;objectif du site web est de fournir des informations sur les services et les produits offerts par Acusticum, ainsi que de faciliter le contact&hellip;&nbsp;Lire la suite &raquo;Conditions g\u00e9n\u00e9rales d&rsquo;utilisation\" \/>\n<meta property=\"og:url\" content=\"https:\/\/acusticum.net\/fr\/conditions-generales-dutilisation\/\" \/>\n<meta property=\"article:modified_time\" content=\"2025-01-21T15:36:15+00:00\" \/>\n<meta name=\"twitter:card\" content=\"summary_large_image\" \/>\n<meta name=\"twitter:label1\" content=\"Dur\u00e9e de lecture estim\u00e9e\" \/>\n\t<meta name=\"twitter:data1\" content=\"2 minutes\" \/>\n<script type=\"application\/ld+json\" class=\"yoast-schema-graph\">{\"@context\":\"https:\/\/schema.org\",\"@graph\":[{\"@type\":\"WebPage\",\"@id\":\"https:\/\/acusticum.net\/fr\/conditions-generales-dutilisation\/\",\"url\":\"https:\/\/acusticum.net\/fr\/conditions-generales-dutilisation\/\",\"name\":\"Conditions g\u00e9n\u00e9rales d'utilisation -\",\"isPartOf\":{\"@id\":\"https:\/\/acusticum.net\/#website\"},\"datePublished\":\"2025-01-02T12:58:45+00:00\",\"dateModified\":\"2025-01-21T15:36:15+00:00\",\"breadcrumb\":{\"@id\":\"https:\/\/acusticum.net\/fr\/conditions-generales-dutilisation\/#breadcrumb\"},\"inLanguage\":\"fr-FR\",\"potentialAction\":[{\"@type\":\"ReadAction\",\"target\":[\"https:\/\/acusticum.net\/fr\/conditions-generales-dutilisation\/\"]}]},{\"@type\":\"BreadcrumbList\",\"@id\":\"https:\/\/acusticum.net\/fr\/conditions-generales-dutilisation\/#breadcrumb\",\"itemListElement\":[{\"@type\":\"ListItem\",\"position\":1,\"name\":\"Portada\",\"item\":\"https:\/\/acusticum.net\/\"},{\"@type\":\"ListItem\",\"position\":2,\"name\":\"Conditions g\u00e9n\u00e9rales d&#8217;utilisation\"}]},{\"@type\":\"WebSite\",\"@id\":\"https:\/\/acusticum.net\/#website\",\"url\":\"https:\/\/acusticum.net\/\",\"name\":\"acusticum.com\",\"description\":\"Dise&ntilde;o que ilumina, ac&uacute;stica que transforma, sostenibilidad que inspira.\",\"publisher\":{\"@id\":\"https:\/\/acusticum.net\/#organization\"},\"potentialAction\":[{\"@type\":\"SearchAction\",\"target\":{\"@type\":\"EntryPoint\",\"urlTemplate\":\"https:\/\/acusticum.net\/?s={search_term_string}\"},\"query-input\":{\"@type\":\"PropertyValueSpecification\",\"valueRequired\":true,\"valueName\":\"search_term_string\"}}],\"inLanguage\":\"fr-FR\"},{\"@type\":\"Organization\",\"@id\":\"https:\/\/acusticum.net\/#organization\",\"name\":\"Acusticum\",\"url\":\"https:\/\/acusticum.net\/\",\"logo\":{\"@type\":\"ImageObject\",\"inLanguage\":\"fr-FR\",\"@id\":\"https:\/\/acusticum.net\/#\/schema\/logo\/image\/\",\"url\":\"https:\/\/acusticum.net\/wp-content\/uploads\/2025\/02\/cropped-A_fab-1.png\",\"contentUrl\":\"https:\/\/acusticum.net\/wp-content\/uploads\/2025\/02\/cropped-A_fab-1.png\",\"width\":512,\"height\":512,\"caption\":\"Acusticum\"},\"image\":{\"@id\":\"https:\/\/acusticum.net\/#\/schema\/logo\/image\/\"}}]}<\/script>\n<!-- \/ Yoast SEO plugin. -->","yoast_head_json":{"title":"Conditions g\u00e9n\u00e9rales d'utilisation -","robots":{"index":"index","follow":"follow","max-snippet":"max-snippet:-1","max-image-preview":"max-image-preview:large","max-video-preview":"max-video-preview:-1"},"canonical":"https:\/\/acusticum.net\/fr\/conditions-generales-dutilisation\/","og_locale":"fr_FR","og_type":"article","og_title":"Conditions g\u00e9n\u00e9rales d'utilisation -","og_description":"Conditions g\u00e9n\u00e9rales d&rsquo;utilisation 1. l&rsquo;identification de la personne responsable Ce document d\u00e9finit les conditions d&rsquo;utilisation du site web d&rsquo;Acusticum. Vous pouvez nous contacter par courrier \u00e9lectronique \u00e0 l&rsquo;adresse info@acusticum.net. 2. L&rsquo;objet L&rsquo;objectif du site web est de fournir des informations sur les services et les produits offerts par Acusticum, ainsi que de faciliter le contact&hellip;&nbsp;Lire la suite &raquo;Conditions g\u00e9n\u00e9rales d&rsquo;utilisation","og_url":"https:\/\/acusticum.net\/fr\/conditions-generales-dutilisation\/","article_modified_time":"2025-01-21T15:36:15+00:00","twitter_card":"summary_large_image","twitter_misc":{"Dur\u00e9e de lecture estim\u00e9e":"2 minutes"},"schema":{"@context":"https:\/\/schema.org","@graph":[{"@type":"WebPage","@id":"https:\/\/acusticum.net\/fr\/conditions-generales-dutilisation\/","url":"https:\/\/acusticum.net\/fr\/conditions-generales-dutilisation\/","name":"Conditions g\u00e9n\u00e9rales d'utilisation -","isPartOf":{"@id":"https:\/\/acusticum.net\/#website"},"datePublished":"2025-01-02T12:58:45+00:00","dateModified":"2025-01-21T15:36:15+00:00","breadcrumb":{"@id":"https:\/\/acusticum.net\/fr\/conditions-generales-dutilisation\/#breadcrumb"},"inLanguage":"fr-FR","potentialAction":[{"@type":"ReadAction","target":["https:\/\/acusticum.net\/fr\/conditions-generales-dutilisation\/"]}]},{"@type":"BreadcrumbList","@id":"https:\/\/acusticum.net\/fr\/conditions-generales-dutilisation\/#breadcrumb","itemListElement":[{"@type":"ListItem","position":1,"name":"Portada","item":"https:\/\/acusticum.net\/"},{"@type":"ListItem","position":2,"name":"Conditions g\u00e9n\u00e9rales d&#8217;utilisation"}]},{"@type":"WebSite","@id":"https:\/\/acusticum.net\/#website","url":"https:\/\/acusticum.net\/","name":"acusticum.com","description":"Dise&ntilde;o que ilumina, ac&uacute;stica que transforma, sostenibilidad que inspira.","publisher":{"@id":"https:\/\/acusticum.net\/#organization"},"potentialAction":[{"@type":"SearchAction","target":{"@type":"EntryPoint","urlTemplate":"https:\/\/acusticum.net\/?s={search_term_string}"},"query-input":{"@type":"PropertyValueSpecification","valueRequired":true,"valueName":"search_term_string"}}],"inLanguage":"fr-FR"},{"@type":"Organization","@id":"https:\/\/acusticum.net\/#organization","name":"Acusticum","url":"https:\/\/acusticum.net\/","logo":{"@type":"ImageObject","inLanguage":"fr-FR","@id":"https:\/\/acusticum.net\/#\/schema\/logo\/image\/","url":"https:\/\/acusticum.net\/wp-content\/uploads\/2025\/02\/cropped-A_fab-1.png","contentUrl":"https:\/\/acusticum.net\/wp-content\/uploads\/2025\/02\/cropped-A_fab-1.png","width":512,"height":512,"caption":"Acusticum"},"image":{"@id":"https:\/\/acusticum.net\/#\/schema\/logo\/image\/"}}]}},"_links":{"self":[{"href":"https:\/\/acusticum.net\/fr\/wp-json\/wp\/v2\/pages\/3027","targetHints":{"allow":["GET"]}}],"collection":[{"href":"https:\/\/acusticum.net\/fr\/wp-json\/wp\/v2\/pages"}],"about":[{"href":"https:\/\/acusticum.net\/fr\/wp-json\/wp\/v2\/types\/page"}],"author":[{"embeddable":true,"href":"https:\/\/acusticum.net\/fr\/wp-json\/wp\/v2\/users\/1"}],"replies":[{"embeddable":true,"href":"https:\/\/acusticum.net\/fr\/wp-json\/wp\/v2\/comments?post=3027"}],"version-history":[{"count":1,"href":"https:\/\/acusticum.net\/fr\/wp-json\/wp\/v2\/pages\/3027\/revisions"}],"predecessor-version":[{"id":3029,"href":"https:\/\/acusticum.net\/fr\/wp-json\/wp\/v2\/pages\/3027\/revisions\/3029"}],"wp:attachment":[{"href":"https:\/\/acusticum.net\/fr\/wp-json\/wp\/v2\/media?parent=3027"}],"curies":[{"name":"wp","href":"https:\/\/api.w.org\/{rel}","templated":true}]}}