{"id":3042,"date":"2025-01-02T15:44:14","date_gmt":"2025-01-02T15:44:14","guid":{"rendered":"https:\/\/acusticum.net\/avis-juridique\/"},"modified":"2025-01-21T15:36:19","modified_gmt":"2025-01-21T15:36:19","slug":"avis-juridique","status":"publish","type":"page","link":"https:\/\/acusticum.net\/fr\/avis-juridique\/","title":{"rendered":"Avis juridique"},"content":{"rendered":"\n<h2 class=\"wp-block-heading\">Avis juridique<\/h2>\n\n<h3 class=\"wp-block-heading\">1. l&rsquo;identification de la personne responsable<\/h3>\n\n<p>Conform\u00e9ment aux dispositions de la loi 34\/2002, du 11 juillet, sur les services de la soci\u00e9t\u00e9 de l&rsquo;information et le commerce \u00e9lectronique (LSSI-CE), nous vous informons que le propri\u00e9taire du site web d&rsquo;<strong>Acusticum<\/strong> est :<\/p>\n\n<ul class=\"wp-block-list\">\n<li><strong>Nom de l&rsquo;entreprise<\/strong>:  [Nombre de la empresa]<\/li>\n\n\n\n<li><strong>NUM\u00c9RO DE TVA<\/strong>:  [CIF de la empresa]<\/li>\n\n\n\n<li><strong>Si\u00e8ge social<\/strong>:  [Direcci\u00f3n completa]<\/li>\n\n\n\n<li><strong>Courriel<\/strong>: <a>info@acusticum.net<\/a><\/li>\n\n\n\n<li><strong>T\u00e9l\u00e9phone<\/strong>: 650 71 13 82<\/li>\n<\/ul>\n\n<h3 class=\"wp-block-heading\">2. L&rsquo;objet<\/h3>\n\n<p>Le pr\u00e9sent avis juridique r\u00e9git l&rsquo;acc\u00e8s, la navigation et l&rsquo;utilisation du site web d&rsquo;<strong>Acusticum<\/strong>. L&rsquo;acc\u00e8s \u00e0 ce site implique l&rsquo;acceptation des conditions \u00e9nonc\u00e9es dans ce document. <\/p>\n\n<h3 class=\"wp-block-heading\">3. Conditions d&rsquo;utilisation<\/h3>\n\n<p>L&rsquo;utilisateur s&rsquo;engage \u00e0 utiliser ce site conform\u00e9ment \u00e0 la loi et aux pr\u00e9sentes conditions. Il est interdit : <\/p>\n\n<ul class=\"wp-block-list\">\n<li>Se livrer \u00e0 des activit\u00e9s ill\u00e9gales ou contraires \u00e0 la bonne foi.<\/li>\n\n\n\n<li>Endommager les syst\u00e8mes physiques ou logiques d&rsquo;<strong>Acusticum<\/strong>, de ses fournisseurs ou de tiers.<\/li>\n<\/ul>\n\n<p><strong>Acusticum<\/strong> se r\u00e9serve le droit d&rsquo;interrompre l&rsquo;acc\u00e8s au site \u00e0 tout moment et sans pr\u00e9avis pour des raisons de s\u00e9curit\u00e9 ou de maintenance.<\/p>\n\n<h3 class=\"wp-block-heading\">4. Propri\u00e9t\u00e9 intellectuelle et industrielle<\/h3>\n\n<p>Tous les contenus du site (textes, images, logos, codes sources, etc.) sont prot\u00e9g\u00e9s par des droits de propri\u00e9t\u00e9 intellectuelle et industrielle. L&rsquo;utilisateur s&rsquo;engage \u00e0 respecter ces droits. <\/p>\n\n<p>La reproduction, la distribution ou la modification du contenu est interdite sans l&rsquo;autorisation expresse d&rsquo;<strong>Acusticum<\/strong>.<\/p>\n\n<h3 class=\"wp-block-heading\">5. La responsabilit\u00e9<\/h3>\n\n<p><strong>Acusticum<\/strong> n&rsquo;est pas responsable de :<\/p>\n\n<ul class=\"wp-block-list\">\n<li>Les dommages d\u00e9riv\u00e9s de l&rsquo;utilisation inappropri\u00e9e du contenu du site web.<\/li>\n\n\n\n<li>Erreurs ou omissions dans le contenu.<\/li>\n\n\n\n<li>la disponibilit\u00e9 technique du site web ou des liens externes.<\/li>\n<\/ul>\n\n<h3 class=\"wp-block-heading\">6. Droit applicable et juridiction<\/h3>\n\n<p>Le pr\u00e9sent avis juridique est r\u00e9gi par la l\u00e9gislation espagnole. Pour tout litige \u00e9ventuel, les parties se soumettent express\u00e9ment aux cours et tribunaux de Matar\u00f3. <\/p>\n\n<h3 class=\"wp-block-heading\">7. Contact<\/h3>\n\n<p>Si vous avez des questions concernant le pr\u00e9sent avis juridique, vous pouvez nous contacter par courrier \u00e9lectronique \u00e0 l&rsquo;adresse <a>info@acusticum.net<\/a> ou par t\u00e9l\u00e9phone au num\u00e9ro 650 71 13 82.<\/p>\n","protected":false},"excerpt":{"rendered":"<p>Avis juridique 1. l&rsquo;identification de la personne responsable Conform\u00e9ment aux dispositions de la loi 34\/2002, du 11 juillet, sur les services de la soci\u00e9t\u00e9 de l&rsquo;information et le commerce \u00e9lectronique (LSSI-CE), nous vous informons que le propri\u00e9taire du site web d&rsquo;Acusticum est : 2. L&rsquo;objet Le pr\u00e9sent avis juridique r\u00e9git l&rsquo;acc\u00e8s, la navigation et l&rsquo;utilisation&hellip;&nbsp;<a href=\"https:\/\/acusticum.net\/fr\/avis-juridique\/\" rel=\"bookmark\">Lire la suite &raquo;<span class=\"screen-reader-text\">Avis juridique<\/span><\/a><\/p>\n","protected":false},"author":1,"featured_media":0,"parent":0,"menu_order":0,"comment_status":"closed","ping_status":"closed","template":"","meta":{"neve_meta_sidebar":"","neve_meta_container":"","neve_meta_enable_content_width":"off","neve_meta_content_width":70,"neve_meta_title_alignment":"","neve_meta_author_avatar":"","neve_post_elements_order":"","neve_meta_disable_header":"","neve_meta_disable_footer":"","neve_meta_disable_title":"on","footnotes":""},"class_list":["post-3042","page","type-page","status-publish","hentry"],"yoast_head":"<!-- This site is optimized with the Yoast SEO plugin v27.2 - https:\/\/yoast.com\/product\/yoast-seo-wordpress\/ -->\n<title>Avis juridique -<\/title>\n<meta name=\"robots\" content=\"index, follow, max-snippet:-1, max-image-preview:large, max-video-preview:-1\" \/>\n<link rel=\"canonical\" href=\"https:\/\/acusticum.net\/fr\/avis-juridique\/\" \/>\n<meta property=\"og:locale\" content=\"fr_FR\" \/>\n<meta property=\"og:type\" content=\"article\" \/>\n<meta property=\"og:title\" content=\"Avis juridique -\" \/>\n<meta property=\"og:description\" content=\"Avis juridique 1. l&rsquo;identification de la personne responsable Conform\u00e9ment aux dispositions de la loi 34\/2002, du 11 juillet, sur les services de la soci\u00e9t\u00e9 de l&rsquo;information et le commerce \u00e9lectronique (LSSI-CE), nous vous informons que le propri\u00e9taire du site web d&rsquo;Acusticum est : 2. L&rsquo;objet Le pr\u00e9sent avis juridique r\u00e9git l&rsquo;acc\u00e8s, la navigation et l&rsquo;utilisation&hellip;&nbsp;Lire la suite &raquo;Avis juridique\" \/>\n<meta property=\"og:url\" content=\"https:\/\/acusticum.net\/fr\/avis-juridique\/\" \/>\n<meta property=\"article:modified_time\" content=\"2025-01-21T15:36:19+00:00\" \/>\n<meta name=\"twitter:card\" content=\"summary_large_image\" \/>\n<meta name=\"twitter:label1\" content=\"Dur\u00e9e de lecture estim\u00e9e\" \/>\n\t<meta name=\"twitter:data1\" content=\"2 minutes\" \/>\n<script type=\"application\/ld+json\" class=\"yoast-schema-graph\">{\"@context\":\"https:\/\/schema.org\",\"@graph\":[{\"@type\":\"WebPage\",\"@id\":\"https:\/\/acusticum.net\/fr\/avis-juridique\/\",\"url\":\"https:\/\/acusticum.net\/fr\/avis-juridique\/\",\"name\":\"Avis juridique -\",\"isPartOf\":{\"@id\":\"https:\/\/acusticum.net\/#website\"},\"datePublished\":\"2025-01-02T15:44:14+00:00\",\"dateModified\":\"2025-01-21T15:36:19+00:00\",\"breadcrumb\":{\"@id\":\"https:\/\/acusticum.net\/fr\/avis-juridique\/#breadcrumb\"},\"inLanguage\":\"fr-FR\",\"potentialAction\":[{\"@type\":\"ReadAction\",\"target\":[\"https:\/\/acusticum.net\/fr\/avis-juridique\/\"]}]},{\"@type\":\"BreadcrumbList\",\"@id\":\"https:\/\/acusticum.net\/fr\/avis-juridique\/#breadcrumb\",\"itemListElement\":[{\"@type\":\"ListItem\",\"position\":1,\"name\":\"Portada\",\"item\":\"https:\/\/acusticum.net\/\"},{\"@type\":\"ListItem\",\"position\":2,\"name\":\"Avis juridique\"}]},{\"@type\":\"WebSite\",\"@id\":\"https:\/\/acusticum.net\/#website\",\"url\":\"https:\/\/acusticum.net\/\",\"name\":\"acusticum.com\",\"description\":\"Dise&ntilde;o que ilumina, ac&uacute;stica que transforma, sostenibilidad que inspira.\",\"publisher\":{\"@id\":\"https:\/\/acusticum.net\/#organization\"},\"potentialAction\":[{\"@type\":\"SearchAction\",\"target\":{\"@type\":\"EntryPoint\",\"urlTemplate\":\"https:\/\/acusticum.net\/?s={search_term_string}\"},\"query-input\":{\"@type\":\"PropertyValueSpecification\",\"valueRequired\":true,\"valueName\":\"search_term_string\"}}],\"inLanguage\":\"fr-FR\"},{\"@type\":\"Organization\",\"@id\":\"https:\/\/acusticum.net\/#organization\",\"name\":\"Acusticum\",\"url\":\"https:\/\/acusticum.net\/\",\"logo\":{\"@type\":\"ImageObject\",\"inLanguage\":\"fr-FR\",\"@id\":\"https:\/\/acusticum.net\/#\/schema\/logo\/image\/\",\"url\":\"https:\/\/acusticum.net\/wp-content\/uploads\/2025\/02\/cropped-A_fab-1.png\",\"contentUrl\":\"https:\/\/acusticum.net\/wp-content\/uploads\/2025\/02\/cropped-A_fab-1.png\",\"width\":512,\"height\":512,\"caption\":\"Acusticum\"},\"image\":{\"@id\":\"https:\/\/acusticum.net\/#\/schema\/logo\/image\/\"}}]}<\/script>\n<!-- \/ Yoast SEO plugin. -->","yoast_head_json":{"title":"Avis juridique -","robots":{"index":"index","follow":"follow","max-snippet":"max-snippet:-1","max-image-preview":"max-image-preview:large","max-video-preview":"max-video-preview:-1"},"canonical":"https:\/\/acusticum.net\/fr\/avis-juridique\/","og_locale":"fr_FR","og_type":"article","og_title":"Avis juridique -","og_description":"Avis juridique 1. l&rsquo;identification de la personne responsable Conform\u00e9ment aux dispositions de la loi 34\/2002, du 11 juillet, sur les services de la soci\u00e9t\u00e9 de l&rsquo;information et le commerce \u00e9lectronique (LSSI-CE), nous vous informons que le propri\u00e9taire du site web d&rsquo;Acusticum est : 2. L&rsquo;objet Le pr\u00e9sent avis juridique r\u00e9git l&rsquo;acc\u00e8s, la navigation et l&rsquo;utilisation&hellip;&nbsp;Lire la suite &raquo;Avis juridique","og_url":"https:\/\/acusticum.net\/fr\/avis-juridique\/","article_modified_time":"2025-01-21T15:36:19+00:00","twitter_card":"summary_large_image","twitter_misc":{"Dur\u00e9e de lecture estim\u00e9e":"2 minutes"},"schema":{"@context":"https:\/\/schema.org","@graph":[{"@type":"WebPage","@id":"https:\/\/acusticum.net\/fr\/avis-juridique\/","url":"https:\/\/acusticum.net\/fr\/avis-juridique\/","name":"Avis juridique -","isPartOf":{"@id":"https:\/\/acusticum.net\/#website"},"datePublished":"2025-01-02T15:44:14+00:00","dateModified":"2025-01-21T15:36:19+00:00","breadcrumb":{"@id":"https:\/\/acusticum.net\/fr\/avis-juridique\/#breadcrumb"},"inLanguage":"fr-FR","potentialAction":[{"@type":"ReadAction","target":["https:\/\/acusticum.net\/fr\/avis-juridique\/"]}]},{"@type":"BreadcrumbList","@id":"https:\/\/acusticum.net\/fr\/avis-juridique\/#breadcrumb","itemListElement":[{"@type":"ListItem","position":1,"name":"Portada","item":"https:\/\/acusticum.net\/"},{"@type":"ListItem","position":2,"name":"Avis juridique"}]},{"@type":"WebSite","@id":"https:\/\/acusticum.net\/#website","url":"https:\/\/acusticum.net\/","name":"acusticum.com","description":"Dise&ntilde;o que ilumina, ac&uacute;stica que transforma, sostenibilidad que inspira.","publisher":{"@id":"https:\/\/acusticum.net\/#organization"},"potentialAction":[{"@type":"SearchAction","target":{"@type":"EntryPoint","urlTemplate":"https:\/\/acusticum.net\/?s={search_term_string}"},"query-input":{"@type":"PropertyValueSpecification","valueRequired":true,"valueName":"search_term_string"}}],"inLanguage":"fr-FR"},{"@type":"Organization","@id":"https:\/\/acusticum.net\/#organization","name":"Acusticum","url":"https:\/\/acusticum.net\/","logo":{"@type":"ImageObject","inLanguage":"fr-FR","@id":"https:\/\/acusticum.net\/#\/schema\/logo\/image\/","url":"https:\/\/acusticum.net\/wp-content\/uploads\/2025\/02\/cropped-A_fab-1.png","contentUrl":"https:\/\/acusticum.net\/wp-content\/uploads\/2025\/02\/cropped-A_fab-1.png","width":512,"height":512,"caption":"Acusticum"},"image":{"@id":"https:\/\/acusticum.net\/#\/schema\/logo\/image\/"}}]}},"_links":{"self":[{"href":"https:\/\/acusticum.net\/fr\/wp-json\/wp\/v2\/pages\/3042","targetHints":{"allow":["GET"]}}],"collection":[{"href":"https:\/\/acusticum.net\/fr\/wp-json\/wp\/v2\/pages"}],"about":[{"href":"https:\/\/acusticum.net\/fr\/wp-json\/wp\/v2\/types\/page"}],"author":[{"embeddable":true,"href":"https:\/\/acusticum.net\/fr\/wp-json\/wp\/v2\/users\/1"}],"replies":[{"embeddable":true,"href":"https:\/\/acusticum.net\/fr\/wp-json\/wp\/v2\/comments?post=3042"}],"version-history":[{"count":1,"href":"https:\/\/acusticum.net\/fr\/wp-json\/wp\/v2\/pages\/3042\/revisions"}],"predecessor-version":[{"id":3043,"href":"https:\/\/acusticum.net\/fr\/wp-json\/wp\/v2\/pages\/3042\/revisions\/3043"}],"wp:attachment":[{"href":"https:\/\/acusticum.net\/fr\/wp-json\/wp\/v2\/media?parent=3042"}],"curies":[{"name":"wp","href":"https:\/\/api.w.org\/{rel}","templated":true}]}}