{"id":2960,"date":"2024-11-17T12:05:35","date_gmt":"2024-11-17T12:05:35","guid":{"rendered":"https:\/\/acusticum.net\/candeeiros-acusticum\/"},"modified":"2025-01-21T15:35:48","modified_gmt":"2025-01-21T15:35:48","slug":"candeeiros-acusticum","status":"publish","type":"page","link":"https:\/\/acusticum.net\/pt-pt\/candeeiros-acusticum\/","title":{"rendered":"Candeeiros Acusticum"},"content":{"rendered":"\n<div class=\"wp-block-columns alignfull has-nv-light-bg-background-color has-background is-layout-flex wp-container-core-columns-is-layout-9d6595d7 wp-block-columns-is-layout-flex\">\n<div class=\"wp-block-column is-layout-flow wp-block-column-is-layout-flow\" style=\"border-style:none;border-width:0px;flex-basis:34%\">\n<div style=\"height:100px\" aria-hidden=\"true\" class=\"wp-block-spacer\"><\/div>\n\n\n\n<h3 class=\"wp-block-heading has-text-align-right\" style=\"padding-right:var(--wp--preset--spacing--40)\">L\u00e2mpadas<\/h3>\n\n\n\n<p class=\"has-text-align-right\" style=\"padding-right:var(--wp--preset--spacing--40);padding-left:var(--wp--preset--spacing--70)\">Os candeeiros ACUSTICUM <strong>combinam design, funcionalidade e sustentabilidade.<\/strong> Melhoram a ac\u00fastica dos espa\u00e7os, acrescentam estilo e ajudam a construir um ambiente mais sustent\u00e1vel. As suas formas originais e elegantes preenchem e decoram qualquer ambiente, transformando-o num lugar \u00fanico e especial. <\/p>\n<\/div>\n\n\n\n<div class=\"wp-block-column is-layout-flow wp-block-column-is-layout-flow\" style=\"border-style:none;border-width:0px;flex-basis:66%\">\n<\/div>\n<\/div>\n\n<div class=\"wp-block-query alignfull is-layout-flow wp-block-query-is-layout-flow\"><ul class=\"has-link-color columns-4 wp-elements-ea4081826f0d8cb5981b01651cf2870c wp-block-post-template has-text-color has-nv-dark-bg-color is-layout-grid wp-container-core-post-template-is-layout-acd39556 wp-block-post-template-is-layout-grid\"><li class=\"wp-block-post post-2918 page type-page status-publish has-post-thumbnail hentry\">\n\n<div class=\"wp-block-group has-small-font-size wp-elements-ea4081826f0d8cb5981b01651cf2870c\" style=\"border-style:none;border-width:0px;padding-top:30px;padding-right:15px;padding-bottom:30px;padding-left:15px\"><div class=\"wp-block-group__inner-container is-layout-flow wp-block-group-is-layout-flow\"><figure style=\"aspect-ratio:1;height:200px; padding-top:0;padding-bottom:0;padding-left:0;padding-right:0;\" class=\"aligncenter wp-block-post-featured-image\"><a href=\"https:\/\/acusticum.net\/pt-pt\/candeeiros-acusticum\/acutus\/\" target=\"_self\"  style=\"height:200px\"><img loading=\"lazy\" decoding=\"async\" width=\"1250\" height=\"1250\" src=\"https:\/\/acusticum.net\/wp-content\/uploads\/2025\/01\/acutus-icono.jpg\" class=\"attachment-post-thumbnail size-post-thumbnail wp-post-image\" alt=\"Acutus\" style=\"border-radius:0px;border-style:none;border-width:0px;width:100%;height:100%;object-fit:contain;\" srcset=\"https:\/\/acusticum.net\/wp-content\/uploads\/2025\/01\/acutus-icono.jpg 1250w, https:\/\/acusticum.net\/wp-content\/uploads\/2025\/01\/acutus-icono-300x300.jpg 300w, https:\/\/acusticum.net\/wp-content\/uploads\/2025\/01\/acutus-icono-1024x1024.jpg 1024w, https:\/\/acusticum.net\/wp-content\/uploads\/2025\/01\/acutus-icono-150x150.jpg 150w, https:\/\/acusticum.net\/wp-content\/uploads\/2025\/01\/acutus-icono-768x768.jpg 768w\" sizes=\"auto, (max-width: 1250px) 100vw, 1250px\" \/><\/a><\/figure>\n\n\n<div style=\"height:15px\" aria-hidden=\"true\" class=\"wp-block-spacer\"><\/div>\n\n\n<h3 class=\"has-text-align-center has-link-color wp-elements-4d4c5c811e8ea033ad72c572ef97a4bb wp-block-post-title\"><a href=\"https:\/\/acusticum.net\/pt-pt\/candeeiros-acusticum\/acutus\/\" target=\"_self\" >Acutus<\/a><\/h3>\n\n<div style=\"padding-right:var(--wp--preset--spacing--70);padding-left:var(--wp--preset--spacing--70);\" class=\"wp-block-post-excerpt has-small-font-size\"><p class=\"wp-block-post-excerpt__excerpt\">Inspirado na geometria n\u00edtida e nas formas angulares, o Acutus \u00e9 um candeeiro que se destaca pelo seu design arrojado e minimalista. Os seus \u00e2ngulos agudos criam uma est\u00e9tica moderna e sofisticada, ideal para espa\u00e7os que procuram um toque contempor\u00e2neo. <\/p><\/div><\/div><\/div>\n\n<\/li><li class=\"wp-block-post post-2935 page type-page status-publish has-post-thumbnail hentry\">\n\n<div class=\"wp-block-group has-small-font-size wp-elements-ea4081826f0d8cb5981b01651cf2870c\" style=\"border-style:none;border-width:0px;padding-top:30px;padding-right:15px;padding-bottom:30px;padding-left:15px\"><div class=\"wp-block-group__inner-container is-layout-flow wp-block-group-is-layout-flow\"><figure style=\"aspect-ratio:1;height:200px; padding-top:0;padding-bottom:0;padding-left:0;padding-right:0;\" class=\"aligncenter wp-block-post-featured-image\"><a href=\"https:\/\/acusticum.net\/pt-pt\/candeeiros-acusticum\/adamas\/\" target=\"_self\"  style=\"height:200px\"><img loading=\"lazy\" decoding=\"async\" width=\"1250\" height=\"1250\" src=\"https:\/\/acusticum.net\/wp-content\/uploads\/2024\/11\/adamas-icono_Mesa-de-trabajo-1.jpg\" class=\"attachment-post-thumbnail size-post-thumbnail wp-post-image\" alt=\"Adamas\" style=\"border-radius:0px;border-style:none;border-width:0px;width:100%;height:100%;object-fit:contain;\" srcset=\"https:\/\/acusticum.net\/wp-content\/uploads\/2024\/11\/adamas-icono_Mesa-de-trabajo-1.jpg 1250w, https:\/\/acusticum.net\/wp-content\/uploads\/2024\/11\/adamas-icono_Mesa-de-trabajo-1-300x300.jpg 300w, https:\/\/acusticum.net\/wp-content\/uploads\/2024\/11\/adamas-icono_Mesa-de-trabajo-1-1024x1024.jpg 1024w, https:\/\/acusticum.net\/wp-content\/uploads\/2024\/11\/adamas-icono_Mesa-de-trabajo-1-150x150.jpg 150w, https:\/\/acusticum.net\/wp-content\/uploads\/2024\/11\/adamas-icono_Mesa-de-trabajo-1-768x768.jpg 768w\" sizes=\"auto, (max-width: 1250px) 100vw, 1250px\" \/><\/a><\/figure>\n\n\n<div style=\"height:15px\" aria-hidden=\"true\" class=\"wp-block-spacer\"><\/div>\n\n\n<h3 class=\"has-text-align-center has-link-color wp-elements-4d4c5c811e8ea033ad72c572ef97a4bb wp-block-post-title\"><a href=\"https:\/\/acusticum.net\/pt-pt\/candeeiros-acusticum\/adamas\/\" target=\"_self\" >Adamas<\/a><\/h3>\n\n<div style=\"padding-right:var(--wp--preset--spacing--70);padding-left:var(--wp--preset--spacing--70);\" class=\"wp-block-post-excerpt has-small-font-size\"><p class=\"wp-block-post-excerpt__excerpt\">Adamas \u00e9 um candeeiro inspirado na forma de um diamante, concebido para oferecer uma est\u00e9tica sofisticada e minimalista. Fabricado em feltro PET reciclado, a sua estrutura facetada reflecte a luz de forma subtil, criando um ambiente elegante e moderno. Para al\u00e9m de iluminar, Adamas melhora a ac\u00fastica dos espa\u00e7os, oferecendo uma dupla fun\u00e7\u00e3o que combina&hellip; <\/p><\/div><\/div><\/div>\n\n<\/li><li class=\"wp-block-post post-3119 page type-page status-publish has-post-thumbnail hentry\">\n\n<div class=\"wp-block-group has-small-font-size wp-elements-ea4081826f0d8cb5981b01651cf2870c\" style=\"border-style:none;border-width:0px;padding-top:30px;padding-right:15px;padding-bottom:30px;padding-left:15px\"><div class=\"wp-block-group__inner-container is-layout-flow wp-block-group-is-layout-flow\"><figure style=\"aspect-ratio:1;height:200px; padding-top:0;padding-bottom:0;padding-left:0;padding-right:0;\" class=\"aligncenter wp-block-post-featured-image\"><a href=\"https:\/\/acusticum.net\/pt-pt\/candeeiros-acusticum\/curcubita\/\" target=\"_self\"  style=\"height:200px\"><img loading=\"lazy\" decoding=\"async\" width=\"1043\" height=\"1043\" src=\"https:\/\/acusticum.net\/wp-content\/uploads\/2024\/09\/acusticum-slider-Cucurbita_Mesa-de-trabajo-1-copia-2.jpg\" class=\"attachment-post-thumbnail size-post-thumbnail wp-post-image\" alt=\"Curcubita\" style=\"border-radius:0px;border-style:none;border-width:0px;width:100%;height:100%;object-fit:contain;\" srcset=\"https:\/\/acusticum.net\/wp-content\/uploads\/2024\/09\/acusticum-slider-Cucurbita_Mesa-de-trabajo-1-copia-2.jpg 1043w, https:\/\/acusticum.net\/wp-content\/uploads\/2024\/09\/acusticum-slider-Cucurbita_Mesa-de-trabajo-1-copia-2-300x300.jpg 300w, https:\/\/acusticum.net\/wp-content\/uploads\/2024\/09\/acusticum-slider-Cucurbita_Mesa-de-trabajo-1-copia-2-1024x1024.jpg 1024w, https:\/\/acusticum.net\/wp-content\/uploads\/2024\/09\/acusticum-slider-Cucurbita_Mesa-de-trabajo-1-copia-2-150x150.jpg 150w, https:\/\/acusticum.net\/wp-content\/uploads\/2024\/09\/acusticum-slider-Cucurbita_Mesa-de-trabajo-1-copia-2-768x768.jpg 768w\" sizes=\"auto, (max-width: 1043px) 100vw, 1043px\" \/><\/a><\/figure>\n\n\n<div style=\"height:15px\" aria-hidden=\"true\" class=\"wp-block-spacer\"><\/div>\n\n\n<h3 class=\"has-text-align-center has-link-color wp-elements-4d4c5c811e8ea033ad72c572ef97a4bb wp-block-post-title\"><a href=\"https:\/\/acusticum.net\/pt-pt\/candeeiros-acusticum\/curcubita\/\" target=\"_self\" >Curcubita<\/a><\/h3>\n\n<div style=\"padding-right:var(--wp--preset--spacing--70);padding-left:var(--wp--preset--spacing--70);\" class=\"wp-block-post-excerpt has-small-font-size\"><p class=\"wp-block-post-excerpt__excerpt\">Este pequeno e encantador candeeiro \u00e9 perfeito para animar qualquer espa\u00e7o que queira sair do convencional. Dispon\u00edvel numa vasta gama de 20 cores, mas sugerimos que escolhas a cor laranja, uma vez que foi concebido a pensar na forma e no aspeto de uma ab\u00f3bora. Ideal para quem procura um toque original e acolhedor na&hellip; <\/p><\/div><\/div><\/div>\n\n<\/li><li class=\"wp-block-post post-2943 page type-page status-publish has-post-thumbnail hentry\">\n\n<div class=\"wp-block-group has-small-font-size wp-elements-ea4081826f0d8cb5981b01651cf2870c\" style=\"border-style:none;border-width:0px;padding-top:30px;padding-right:15px;padding-bottom:30px;padding-left:15px\"><div class=\"wp-block-group__inner-container is-layout-flow wp-block-group-is-layout-flow\"><figure style=\"aspect-ratio:1;height:200px; padding-top:0;padding-bottom:0;padding-left:0;padding-right:0;\" class=\"aligncenter wp-block-post-featured-image\"><a href=\"https:\/\/acusticum.net\/pt-pt\/candeeiros-acusticum\/dame-jeanne\/\" target=\"_self\"  style=\"height:200px\"><img loading=\"lazy\" decoding=\"async\" width=\"1250\" height=\"1250\" src=\"https:\/\/acusticum.net\/wp-content\/uploads\/2025\/01\/DameJeanne-icono.jpg\" class=\"attachment-post-thumbnail size-post-thumbnail wp-post-image\" alt=\"Dame Jeanne\" style=\"border-radius:0px;border-style:none;border-width:0px;width:100%;height:100%;object-fit:contain;\" srcset=\"https:\/\/acusticum.net\/wp-content\/uploads\/2025\/01\/DameJeanne-icono.jpg 1250w, https:\/\/acusticum.net\/wp-content\/uploads\/2025\/01\/DameJeanne-icono-300x300.jpg 300w, https:\/\/acusticum.net\/wp-content\/uploads\/2025\/01\/DameJeanne-icono-1024x1024.jpg 1024w, https:\/\/acusticum.net\/wp-content\/uploads\/2025\/01\/DameJeanne-icono-150x150.jpg 150w, https:\/\/acusticum.net\/wp-content\/uploads\/2025\/01\/DameJeanne-icono-768x768.jpg 768w\" sizes=\"auto, (max-width: 1250px) 100vw, 1250px\" \/><\/a><\/figure>\n\n\n<div style=\"height:15px\" aria-hidden=\"true\" class=\"wp-block-spacer\"><\/div>\n\n\n<h3 class=\"has-text-align-center has-link-color wp-elements-4d4c5c811e8ea033ad72c572ef97a4bb wp-block-post-title\"><a href=\"https:\/\/acusticum.net\/pt-pt\/candeeiros-acusticum\/dame-jeanne\/\" target=\"_self\" >Dame Jeanne<\/a><\/h3>\n\n<div style=\"padding-right:var(--wp--preset--spacing--70);padding-left:var(--wp--preset--spacing--70);\" class=\"wp-block-post-excerpt has-small-font-size\"><p class=\"wp-block-post-excerpt__excerpt\">Inspirado na hist\u00f3rica embarca\u00e7\u00e3o Dame Jeanne, este candeeiro combina design minimalista e tradi\u00e7\u00e3o. Feito de feltro PET reciclado, n\u00e3o s\u00f3 ilumina, como tamb\u00e9m melhora a ac\u00fastica dos espa\u00e7os, fundindo hist\u00f3ria, sustentabilidade e eleg\u00e2ncia numa \u00fanica pe\u00e7a. <\/p><\/div><\/div><\/div>\n\n<\/li><li class=\"wp-block-post post-2908 page type-page status-publish has-post-thumbnail hentry\">\n\n<div class=\"wp-block-group has-small-font-size wp-elements-ea4081826f0d8cb5981b01651cf2870c\" style=\"border-style:none;border-width:0px;padding-top:30px;padding-right:15px;padding-bottom:30px;padding-left:15px\"><div class=\"wp-block-group__inner-container is-layout-flow wp-block-group-is-layout-flow\"><figure style=\"aspect-ratio:1;height:200px; padding-top:0;padding-bottom:0;padding-left:0;padding-right:0;\" class=\"aligncenter wp-block-post-featured-image\"><a href=\"https:\/\/acusticum.net\/pt-pt\/candeeiros-acusticum\/gaia\/\" target=\"_self\"  style=\"height:200px\"><img loading=\"lazy\" decoding=\"async\" width=\"1250\" height=\"1250\" src=\"https:\/\/acusticum.net\/wp-content\/uploads\/2025\/01\/gaia-icono.jpg\" class=\"attachment-post-thumbnail size-post-thumbnail wp-post-image\" alt=\"Gaia\" style=\"border-radius:0px;border-style:none;border-width:0px;width:100%;height:100%;object-fit:contain;\" srcset=\"https:\/\/acusticum.net\/wp-content\/uploads\/2025\/01\/gaia-icono.jpg 1250w, https:\/\/acusticum.net\/wp-content\/uploads\/2025\/01\/gaia-icono-300x300.jpg 300w, https:\/\/acusticum.net\/wp-content\/uploads\/2025\/01\/gaia-icono-1024x1024.jpg 1024w, https:\/\/acusticum.net\/wp-content\/uploads\/2025\/01\/gaia-icono-150x150.jpg 150w, https:\/\/acusticum.net\/wp-content\/uploads\/2025\/01\/gaia-icono-768x768.jpg 768w\" sizes=\"auto, (max-width: 1250px) 100vw, 1250px\" \/><\/a><\/figure>\n\n\n<div style=\"height:15px\" aria-hidden=\"true\" class=\"wp-block-spacer\"><\/div>\n\n\n<h3 class=\"has-text-align-center has-link-color wp-elements-4d4c5c811e8ea033ad72c572ef97a4bb wp-block-post-title\"><a href=\"https:\/\/acusticum.net\/pt-pt\/candeeiros-acusticum\/gaia\/\" target=\"_self\" >Gaia<\/a><\/h3>\n\n<div style=\"padding-right:var(--wp--preset--spacing--70);padding-left:var(--wp--preset--spacing--70);\" class=\"wp-block-post-excerpt has-small-font-size\"><p class=\"wp-block-post-excerpt__excerpt\">Gaia \u00e9 um candeeiro inspirado na deusa grega da Terra, conhecida como a m\u00e3e de todos os seres vivos. Este design procura ligar a natureza aos espa\u00e7os interiores, utilizando feltro PET reciclado para proporcionar uma textura suave e natural que respeita o ambiente. Gaia n\u00e3o s\u00f3 ilumina, como tamb\u00e9m melhora a ac\u00fastica do espa\u00e7o, criando&hellip; <\/p><\/div><\/div><\/div>\n\n<\/li><li class=\"wp-block-post post-3057 page type-page status-publish has-post-thumbnail hentry\">\n\n<div class=\"wp-block-group has-small-font-size wp-elements-ea4081826f0d8cb5981b01651cf2870c\" style=\"border-style:none;border-width:0px;padding-top:30px;padding-right:15px;padding-bottom:30px;padding-left:15px\"><div class=\"wp-block-group__inner-container is-layout-flow wp-block-group-is-layout-flow\"><figure style=\"aspect-ratio:1;height:200px; padding-top:0;padding-bottom:0;padding-left:0;padding-right:0;\" class=\"aligncenter wp-block-post-featured-image\"><a href=\"https:\/\/acusticum.net\/pt-pt\/candeeiros-acusticum\/iluro\/\" target=\"_self\"  style=\"height:200px\"><img loading=\"lazy\" decoding=\"async\" width=\"1043\" height=\"1043\" src=\"https:\/\/acusticum.net\/wp-content\/uploads\/2024\/09\/acusticum-iluro-slider-mides-02.jpg\" class=\"attachment-post-thumbnail size-post-thumbnail wp-post-image\" alt=\"Iluro\" style=\"border-radius:0px;border-style:none;border-width:0px;width:100%;height:100%;object-fit:contain;\" srcset=\"https:\/\/acusticum.net\/wp-content\/uploads\/2024\/09\/acusticum-iluro-slider-mides-02.jpg 1043w, https:\/\/acusticum.net\/wp-content\/uploads\/2024\/09\/acusticum-iluro-slider-mides-02-300x300.jpg 300w, https:\/\/acusticum.net\/wp-content\/uploads\/2024\/09\/acusticum-iluro-slider-mides-02-1024x1024.jpg 1024w, https:\/\/acusticum.net\/wp-content\/uploads\/2024\/09\/acusticum-iluro-slider-mides-02-150x150.jpg 150w, https:\/\/acusticum.net\/wp-content\/uploads\/2024\/09\/acusticum-iluro-slider-mides-02-768x768.jpg 768w\" sizes=\"auto, (max-width: 1043px) 100vw, 1043px\" \/><\/a><\/figure>\n\n\n<div style=\"height:15px\" aria-hidden=\"true\" class=\"wp-block-spacer\"><\/div>\n\n\n<h3 class=\"has-text-align-center has-link-color wp-elements-4d4c5c811e8ea033ad72c572ef97a4bb wp-block-post-title\"><a href=\"https:\/\/acusticum.net\/pt-pt\/candeeiros-acusticum\/iluro\/\" target=\"_self\" >Iluro<\/a><\/h3>\n\n<div style=\"padding-right:var(--wp--preset--spacing--70);padding-left:var(--wp--preset--spacing--70);\" class=\"wp-block-post-excerpt has-small-font-size\"><p class=\"wp-block-post-excerpt__excerpt\">Com uma luz que proporciona a ilumina\u00e7\u00e3o perfeita, o candeeiro Iluro destaca-se pela sua simplicidade elegante, permitindo-lhe integrar-se sem esfor\u00e7o em qualquer estilo de decora\u00e7\u00e3o. O nosso pequeno e fant\u00e1stico Iluro combina um design minimalista com uma personalidade \u00fanica que d\u00e1 um toque especial a qualquer ambiente. <\/p><\/div><\/div><\/div>\n\n<\/li><li class=\"wp-block-post post-2913 page type-page status-publish has-post-thumbnail hentry\">\n\n<div class=\"wp-block-group has-small-font-size wp-elements-ea4081826f0d8cb5981b01651cf2870c\" style=\"border-style:none;border-width:0px;padding-top:30px;padding-right:15px;padding-bottom:30px;padding-left:15px\"><div class=\"wp-block-group__inner-container is-layout-flow wp-block-group-is-layout-flow\"><figure style=\"aspect-ratio:1;height:200px; padding-top:0;padding-bottom:0;padding-left:0;padding-right:0;\" class=\"aligncenter wp-block-post-featured-image\"><a href=\"https:\/\/acusticum.net\/pt-pt\/candeeiros-acusticum\/solea\/\" target=\"_self\"  style=\"height:200px\"><img loading=\"lazy\" decoding=\"async\" width=\"1251\" height=\"1250\" src=\"https:\/\/acusticum.net\/wp-content\/uploads\/2025\/01\/solea-icono.jpg\" class=\"attachment-post-thumbnail size-post-thumbnail wp-post-image\" alt=\"Solea\" style=\"border-radius:0px;border-style:none;border-width:0px;width:100%;height:100%;object-fit:contain;\" srcset=\"https:\/\/acusticum.net\/wp-content\/uploads\/2025\/01\/solea-icono.jpg 1251w, https:\/\/acusticum.net\/wp-content\/uploads\/2025\/01\/solea-icono-300x300.jpg 300w, https:\/\/acusticum.net\/wp-content\/uploads\/2025\/01\/solea-icono-1024x1024.jpg 1024w, https:\/\/acusticum.net\/wp-content\/uploads\/2025\/01\/solea-icono-150x150.jpg 150w, https:\/\/acusticum.net\/wp-content\/uploads\/2025\/01\/solea-icono-768x767.jpg 768w\" sizes=\"auto, (max-width: 1251px) 100vw, 1251px\" \/><\/a><\/figure>\n\n\n<div style=\"height:15px\" aria-hidden=\"true\" class=\"wp-block-spacer\"><\/div>\n\n\n<h3 class=\"has-text-align-center has-link-color wp-elements-4d4c5c811e8ea033ad72c572ef97a4bb wp-block-post-title\"><a href=\"https:\/\/acusticum.net\/pt-pt\/candeeiros-acusticum\/solea\/\" target=\"_self\" >Solea<\/a><\/h3>\n\n<div style=\"padding-right:var(--wp--preset--spacing--70);padding-left:var(--wp--preset--spacing--70);\" class=\"wp-block-post-excerpt has-small-font-size\"><p class=\"wp-block-post-excerpt__excerpt\">O calor do sol e a beleza do girassol, Solea combina um design elegante e luminoso com um toque natural. Fabricado a partir de materiais sustent\u00e1veis, ilumina suavemente os espa\u00e7os ao mesmo tempo que melhora a ac\u00fastica, fundindo a natureza e a modernidade numa \u00fanica pe\u00e7a. <\/p><\/div><\/div><\/div>\n\n<\/li><\/ul><\/div>\n\n<p><\/p>\n","protected":false},"excerpt":{"rendered":"<p>L\u00e2mpadas Os candeeiros ACUSTICUM combinam design, funcionalidade e sustentabilidade. Melhoram a ac\u00fastica dos espa\u00e7os, acrescentam estilo e ajudam a construir um ambiente mais sustent\u00e1vel. As suas formas originais e elegantes preenchem e decoram qualquer ambiente, transformando-o num lugar \u00fanico e especial.<\/p>\n","protected":false},"author":1,"featured_media":0,"parent":0,"menu_order":0,"comment_status":"closed","ping_status":"closed","template":"","meta":{"neve_meta_sidebar":"","neve_meta_container":"","neve_meta_enable_content_width":"on","neve_meta_content_width":100,"neve_meta_title_alignment":"","neve_meta_author_avatar":"","neve_post_elements_order":"","neve_meta_disable_header":"","neve_meta_disable_footer":"","neve_meta_disable_title":"on","footnotes":""},"class_list":["post-2960","page","type-page","status-publish","hentry"],"yoast_head":"<!-- This site is optimized with the Yoast SEO plugin v27.2 - https:\/\/yoast.com\/product\/yoast-seo-wordpress\/ -->\n<title>Candeeiros Acusticum -<\/title>\n<meta name=\"robots\" content=\"index, follow, max-snippet:-1, max-image-preview:large, max-video-preview:-1\" \/>\n<link rel=\"canonical\" href=\"https:\/\/acusticum.net\/lamparas-acusticum\/\" \/>\n<meta property=\"og:locale\" content=\"pt_PT\" \/>\n<meta property=\"og:type\" content=\"article\" \/>\n<meta property=\"og:title\" content=\"Candeeiros Acusticum -\" \/>\n<meta property=\"og:description\" content=\"L\u00e2mpadas Os candeeiros ACUSTICUM combinam design, funcionalidade e sustentabilidade. Melhoram a ac\u00fastica dos espa\u00e7os, acrescentam estilo e ajudam a construir um ambiente mais sustent\u00e1vel. As suas formas originais e elegantes preenchem e decoram qualquer ambiente, transformando-o num lugar \u00fanico e especial.\" \/>\n<meta property=\"og:url\" content=\"https:\/\/acusticum.net\/lamparas-acusticum\/\" \/>\n<meta property=\"article:modified_time\" content=\"2025-01-21T15:35:48+00:00\" \/>\n<meta name=\"twitter:card\" content=\"summary_large_image\" \/>\n<script type=\"application\/ld+json\" class=\"yoast-schema-graph\">{\"@context\":\"https:\/\/schema.org\",\"@graph\":[{\"@type\":\"WebPage\",\"@id\":\"https:\/\/acusticum.net\/lamparas-acusticum\/\",\"url\":\"https:\/\/acusticum.net\/lamparas-acusticum\/\",\"name\":\"Candeeiros Acusticum -\",\"isPartOf\":{\"@id\":\"https:\/\/acusticum.net\/#website\"},\"datePublished\":\"2024-11-17T12:05:35+00:00\",\"dateModified\":\"2025-01-21T15:35:48+00:00\",\"breadcrumb\":{\"@id\":\"https:\/\/acusticum.net\/lamparas-acusticum\/#breadcrumb\"},\"inLanguage\":\"pt-PT\",\"potentialAction\":[{\"@type\":\"ReadAction\",\"target\":[\"https:\/\/acusticum.net\/lamparas-acusticum\/\"]}]},{\"@type\":\"BreadcrumbList\",\"@id\":\"https:\/\/acusticum.net\/lamparas-acusticum\/#breadcrumb\",\"itemListElement\":[{\"@type\":\"ListItem\",\"position\":1,\"name\":\"Portada\",\"item\":\"https:\/\/acusticum.net\/\"},{\"@type\":\"ListItem\",\"position\":2,\"name\":\"Candeeiros Acusticum\"}]},{\"@type\":\"WebSite\",\"@id\":\"https:\/\/acusticum.net\/#website\",\"url\":\"https:\/\/acusticum.net\/\",\"name\":\"acusticum.com\",\"description\":\"Dise&ntilde;o que ilumina, ac&uacute;stica que transforma, sostenibilidad que inspira.\",\"publisher\":{\"@id\":\"https:\/\/acusticum.net\/#organization\"},\"potentialAction\":[{\"@type\":\"SearchAction\",\"target\":{\"@type\":\"EntryPoint\",\"urlTemplate\":\"https:\/\/acusticum.net\/?s={search_term_string}\"},\"query-input\":{\"@type\":\"PropertyValueSpecification\",\"valueRequired\":true,\"valueName\":\"search_term_string\"}}],\"inLanguage\":\"pt-PT\"},{\"@type\":\"Organization\",\"@id\":\"https:\/\/acusticum.net\/#organization\",\"name\":\"Acusticum\",\"url\":\"https:\/\/acusticum.net\/\",\"logo\":{\"@type\":\"ImageObject\",\"inLanguage\":\"pt-PT\",\"@id\":\"https:\/\/acusticum.net\/#\/schema\/logo\/image\/\",\"url\":\"https:\/\/acusticum.net\/wp-content\/uploads\/2025\/02\/cropped-A_fab-1.png\",\"contentUrl\":\"https:\/\/acusticum.net\/wp-content\/uploads\/2025\/02\/cropped-A_fab-1.png\",\"width\":512,\"height\":512,\"caption\":\"Acusticum\"},\"image\":{\"@id\":\"https:\/\/acusticum.net\/#\/schema\/logo\/image\/\"}}]}<\/script>\n<!-- \/ Yoast SEO plugin. -->","yoast_head_json":{"title":"Candeeiros Acusticum -","robots":{"index":"index","follow":"follow","max-snippet":"max-snippet:-1","max-image-preview":"max-image-preview:large","max-video-preview":"max-video-preview:-1"},"canonical":"https:\/\/acusticum.net\/lamparas-acusticum\/","og_locale":"pt_PT","og_type":"article","og_title":"Candeeiros Acusticum -","og_description":"L\u00e2mpadas Os candeeiros ACUSTICUM combinam design, funcionalidade e sustentabilidade. Melhoram a ac\u00fastica dos espa\u00e7os, acrescentam estilo e ajudam a construir um ambiente mais sustent\u00e1vel. As suas formas originais e elegantes preenchem e decoram qualquer ambiente, transformando-o num lugar \u00fanico e especial.","og_url":"https:\/\/acusticum.net\/lamparas-acusticum\/","article_modified_time":"2025-01-21T15:35:48+00:00","twitter_card":"summary_large_image","schema":{"@context":"https:\/\/schema.org","@graph":[{"@type":"WebPage","@id":"https:\/\/acusticum.net\/lamparas-acusticum\/","url":"https:\/\/acusticum.net\/lamparas-acusticum\/","name":"Candeeiros Acusticum -","isPartOf":{"@id":"https:\/\/acusticum.net\/#website"},"datePublished":"2024-11-17T12:05:35+00:00","dateModified":"2025-01-21T15:35:48+00:00","breadcrumb":{"@id":"https:\/\/acusticum.net\/lamparas-acusticum\/#breadcrumb"},"inLanguage":"pt-PT","potentialAction":[{"@type":"ReadAction","target":["https:\/\/acusticum.net\/lamparas-acusticum\/"]}]},{"@type":"BreadcrumbList","@id":"https:\/\/acusticum.net\/lamparas-acusticum\/#breadcrumb","itemListElement":[{"@type":"ListItem","position":1,"name":"Portada","item":"https:\/\/acusticum.net\/"},{"@type":"ListItem","position":2,"name":"Candeeiros Acusticum"}]},{"@type":"WebSite","@id":"https:\/\/acusticum.net\/#website","url":"https:\/\/acusticum.net\/","name":"acusticum.com","description":"Dise&ntilde;o que ilumina, ac&uacute;stica que transforma, sostenibilidad que inspira.","publisher":{"@id":"https:\/\/acusticum.net\/#organization"},"potentialAction":[{"@type":"SearchAction","target":{"@type":"EntryPoint","urlTemplate":"https:\/\/acusticum.net\/?s={search_term_string}"},"query-input":{"@type":"PropertyValueSpecification","valueRequired":true,"valueName":"search_term_string"}}],"inLanguage":"pt-PT"},{"@type":"Organization","@id":"https:\/\/acusticum.net\/#organization","name":"Acusticum","url":"https:\/\/acusticum.net\/","logo":{"@type":"ImageObject","inLanguage":"pt-PT","@id":"https:\/\/acusticum.net\/#\/schema\/logo\/image\/","url":"https:\/\/acusticum.net\/wp-content\/uploads\/2025\/02\/cropped-A_fab-1.png","contentUrl":"https:\/\/acusticum.net\/wp-content\/uploads\/2025\/02\/cropped-A_fab-1.png","width":512,"height":512,"caption":"Acusticum"},"image":{"@id":"https:\/\/acusticum.net\/#\/schema\/logo\/image\/"}}]}},"_links":{"self":[{"href":"https:\/\/acusticum.net\/pt-pt\/wp-json\/wp\/v2\/pages\/2960","targetHints":{"allow":["GET"]}}],"collection":[{"href":"https:\/\/acusticum.net\/pt-pt\/wp-json\/wp\/v2\/pages"}],"about":[{"href":"https:\/\/acusticum.net\/pt-pt\/wp-json\/wp\/v2\/types\/page"}],"author":[{"embeddable":true,"href":"https:\/\/acusticum.net\/pt-pt\/wp-json\/wp\/v2\/users\/1"}],"replies":[{"embeddable":true,"href":"https:\/\/acusticum.net\/pt-pt\/wp-json\/wp\/v2\/comments?post=2960"}],"version-history":[{"count":1,"href":"https:\/\/acusticum.net\/pt-pt\/wp-json\/wp\/v2\/pages\/2960\/revisions"}],"predecessor-version":[{"id":2961,"href":"https:\/\/acusticum.net\/pt-pt\/wp-json\/wp\/v2\/pages\/2960\/revisions\/2961"}],"wp:attachment":[{"href":"https:\/\/acusticum.net\/pt-pt\/wp-json\/wp\/v2\/media?parent=2960"}],"curies":[{"name":"wp","href":"https:\/\/api.w.org\/{rel}","templated":true}]}}