{"id":2974,"date":"2024-12-12T17:08:46","date_gmt":"2024-12-12T17:08:46","guid":{"rendered":"https:\/\/acusticum.net\/murais\/"},"modified":"2025-01-21T15:35:53","modified_gmt":"2025-01-21T15:35:53","slug":"murais","status":"publish","type":"page","link":"https:\/\/acusticum.net\/pt-pt\/murais\/","title":{"rendered":"Murais"},"content":{"rendered":"\n<div class=\"wp-block-columns alignfull has-nv-light-bg-background-color has-background is-layout-flex wp-container-core-columns-is-layout-9d6595d7 wp-block-columns-is-layout-flex\">\n<div class=\"wp-block-column is-layout-flow wp-block-column-is-layout-flow\" style=\"border-style:none;border-width:0px;flex-basis:34%\">\n<div style=\"height:100px\" aria-hidden=\"true\" class=\"wp-block-spacer\"><\/div>\n\n\n\n<h3 class=\"wp-block-heading has-text-align-right\" style=\"padding-right:var(--wp--preset--spacing--40)\">Murais<\/h3>\n\n\n\n<p class=\"has-text-align-right\" style=\"padding-right:var(--wp--preset--spacing--40);padding-left:var(--wp--preset--spacing--70)\">Os murais ACUSTICUM oferecem uma solu\u00e7\u00e3o decorativa e funcional. <strong>Melhoram a ac\u00fastica e s\u00e3o sustent\u00e1veis<\/strong>. As suas diferentes formas e tamanhos permitem-nos criar <strong>padr\u00f5es \u00fanicos<\/strong>, real\u00e7ando as suas formas com arestas biseladas. Podem ser utilizados para cobrir toda a parede ou como pormenor decorativo.  <\/p>\n<\/div>\n\n\n\n<div class=\"wp-block-column is-layout-flow wp-block-column-is-layout-flow\" style=\"border-style:none;border-width:0px;flex-basis:66%\">\n<\/div>\n<\/div>\n\n<div class=\"wp-block-query alignfull is-layout-flow wp-block-query-is-layout-flow\"><ul class=\"has-link-color columns-4 wp-elements-fa52323eaa7579f8d71ad9c3fcb5bf16 wp-block-post-template has-text-color has-nv-dark-bg-color is-layout-grid wp-container-core-post-template-is-layout-acd39556 wp-block-post-template-is-layout-grid\"><li class=\"wp-block-post post-2987 page type-page status-publish has-post-thumbnail hentry\">\n\n<div class=\"wp-block-group has-small-font-size wp-elements-fa52323eaa7579f8d71ad9c3fcb5bf16\" style=\"border-style:none;border-width:0px;padding-top:30px;padding-right:15px;padding-bottom:30px;padding-left:15px\"><div class=\"wp-block-group__inner-container is-layout-flow wp-block-group-is-layout-flow\"><figure style=\"aspect-ratio:1;height:200px; padding-top:0;padding-bottom:0;padding-left:0;padding-right:0;\" class=\"aligncenter wp-block-post-featured-image\"><a href=\"https:\/\/acusticum.net\/pt-pt\/murais\/cubo\/\" target=\"_self\"  style=\"height:200px\"><img loading=\"lazy\" decoding=\"async\" width=\"1043\" height=\"1043\" src=\"https:\/\/acusticum.net\/wp-content\/uploads\/2024\/12\/Acusticum-CUBUS-icon-09.jpg\" class=\"attachment-post-thumbnail size-post-thumbnail wp-post-image\" alt=\"Cubo\" style=\"border-radius:0px;border-style:none;border-width:0px;width:100%;height:100%;object-fit:contain;\" srcset=\"https:\/\/acusticum.net\/wp-content\/uploads\/2024\/12\/Acusticum-CUBUS-icon-09.jpg 1043w, https:\/\/acusticum.net\/wp-content\/uploads\/2024\/12\/Acusticum-CUBUS-icon-09-300x300.jpg 300w, https:\/\/acusticum.net\/wp-content\/uploads\/2024\/12\/Acusticum-CUBUS-icon-09-1024x1024.jpg 1024w, https:\/\/acusticum.net\/wp-content\/uploads\/2024\/12\/Acusticum-CUBUS-icon-09-150x150.jpg 150w, https:\/\/acusticum.net\/wp-content\/uploads\/2024\/12\/Acusticum-CUBUS-icon-09-768x768.jpg 768w\" sizes=\"auto, (max-width: 1043px) 100vw, 1043px\" \/><\/a><\/figure>\n\n<h3 class=\"has-text-align-center has-link-color wp-elements-4d4c5c811e8ea033ad72c572ef97a4bb wp-block-post-title\"><a href=\"https:\/\/acusticum.net\/pt-pt\/murais\/cubo\/\" target=\"_self\" >Cubo<\/a><\/h3><\/div><\/div>\n\n<\/li><li class=\"wp-block-post post-2999 page type-page status-publish has-post-thumbnail hentry\">\n\n<div class=\"wp-block-group has-small-font-size wp-elements-fa52323eaa7579f8d71ad9c3fcb5bf16\" style=\"border-style:none;border-width:0px;padding-top:30px;padding-right:15px;padding-bottom:30px;padding-left:15px\"><div class=\"wp-block-group__inner-container is-layout-flow wp-block-group-is-layout-flow\"><figure style=\"aspect-ratio:1;height:200px; padding-top:0;padding-bottom:0;padding-left:0;padding-right:0;\" class=\"aligncenter wp-block-post-featured-image\"><a href=\"https:\/\/acusticum.net\/pt-pt\/murais\/espinha\/\" target=\"_self\"  style=\"height:200px\"><img loading=\"lazy\" decoding=\"async\" width=\"1043\" height=\"1042\" src=\"https:\/\/acusticum.net\/wp-content\/uploads\/2024\/12\/Acusticum-SPINA-icon-07.jpg\" class=\"attachment-post-thumbnail size-post-thumbnail wp-post-image\" alt=\"Espinha\" style=\"border-radius:0px;border-style:none;border-width:0px;width:100%;height:100%;object-fit:contain;\" srcset=\"https:\/\/acusticum.net\/wp-content\/uploads\/2024\/12\/Acusticum-SPINA-icon-07.jpg 1043w, https:\/\/acusticum.net\/wp-content\/uploads\/2024\/12\/Acusticum-SPINA-icon-07-300x300.jpg 300w, https:\/\/acusticum.net\/wp-content\/uploads\/2024\/12\/Acusticum-SPINA-icon-07-1024x1024.jpg 1024w, https:\/\/acusticum.net\/wp-content\/uploads\/2024\/12\/Acusticum-SPINA-icon-07-150x150.jpg 150w, https:\/\/acusticum.net\/wp-content\/uploads\/2024\/12\/Acusticum-SPINA-icon-07-768x767.jpg 768w\" sizes=\"auto, (max-width: 1043px) 100vw, 1043px\" \/><\/a><\/figure>\n\n<h3 class=\"has-text-align-center has-link-color wp-elements-4d4c5c811e8ea033ad72c572ef97a4bb wp-block-post-title\"><a href=\"https:\/\/acusticum.net\/pt-pt\/murais\/espinha\/\" target=\"_self\" >Espinha<\/a><\/h3><\/div><\/div>\n\n<\/li><li class=\"wp-block-post post-2970 page type-page status-publish has-post-thumbnail hentry\">\n\n<div class=\"wp-block-group has-small-font-size wp-elements-fa52323eaa7579f8d71ad9c3fcb5bf16\" style=\"border-style:none;border-width:0px;padding-top:30px;padding-right:15px;padding-bottom:30px;padding-left:15px\"><div class=\"wp-block-group__inner-container is-layout-flow wp-block-group-is-layout-flow\"><figure style=\"aspect-ratio:1;height:200px; padding-top:0;padding-bottom:0;padding-left:0;padding-right:0;\" class=\"aligncenter wp-block-post-featured-image\"><a href=\"https:\/\/acusticum.net\/pt-pt\/murais\/hexadecimal\/\" target=\"_self\"  style=\"height:200px\"><img loading=\"lazy\" decoding=\"async\" width=\"1043\" height=\"1043\" src=\"https:\/\/acusticum.net\/wp-content\/uploads\/2024\/12\/Acusticum-HEX-icon-05.jpg\" class=\"attachment-post-thumbnail size-post-thumbnail wp-post-image\" alt=\"Hexadecimal\" style=\"border-radius:0px;border-style:none;border-width:0px;width:100%;height:100%;object-fit:contain;\" srcset=\"https:\/\/acusticum.net\/wp-content\/uploads\/2024\/12\/Acusticum-HEX-icon-05.jpg 1043w, https:\/\/acusticum.net\/wp-content\/uploads\/2024\/12\/Acusticum-HEX-icon-05-300x300.jpg 300w, https:\/\/acusticum.net\/wp-content\/uploads\/2024\/12\/Acusticum-HEX-icon-05-1024x1024.jpg 1024w, https:\/\/acusticum.net\/wp-content\/uploads\/2024\/12\/Acusticum-HEX-icon-05-150x150.jpg 150w, https:\/\/acusticum.net\/wp-content\/uploads\/2024\/12\/Acusticum-HEX-icon-05-768x768.jpg 768w\" sizes=\"auto, (max-width: 1043px) 100vw, 1043px\" \/><\/a><\/figure>\n\n<h3 class=\"has-text-align-center has-link-color wp-elements-4d4c5c811e8ea033ad72c572ef97a4bb wp-block-post-title\"><a href=\"https:\/\/acusticum.net\/pt-pt\/murais\/hexadecimal\/\" target=\"_self\" >Hexadecimal<\/a><\/h3><\/div><\/div>\n\n<\/li><li class=\"wp-block-post post-3062 page type-page status-publish has-post-thumbnail hentry\">\n\n<div class=\"wp-block-group has-small-font-size wp-elements-fa52323eaa7579f8d71ad9c3fcb5bf16\" style=\"border-style:none;border-width:0px;padding-top:30px;padding-right:15px;padding-bottom:30px;padding-left:15px\"><div class=\"wp-block-group__inner-container is-layout-flow wp-block-group-is-layout-flow\"><figure style=\"aspect-ratio:1;height:200px; padding-top:0;padding-bottom:0;padding-left:0;padding-right:0;\" class=\"aligncenter wp-block-post-featured-image\"><a href=\"https:\/\/acusticum.net\/pt-pt\/murais\/trium\/\" target=\"_self\"  style=\"height:200px\"><img loading=\"lazy\" decoding=\"async\" width=\"1042\" height=\"1042\" src=\"https:\/\/acusticum.net\/wp-content\/uploads\/2024\/10\/acusticum-slider-trium-icono.jpg\" class=\"attachment-post-thumbnail size-post-thumbnail wp-post-image\" alt=\"Trium\" style=\"border-radius:0px;border-style:none;border-width:0px;width:100%;height:100%;object-fit:contain;\" srcset=\"https:\/\/acusticum.net\/wp-content\/uploads\/2024\/10\/acusticum-slider-trium-icono.jpg 1042w, https:\/\/acusticum.net\/wp-content\/uploads\/2024\/10\/acusticum-slider-trium-icono-300x300.jpg 300w, https:\/\/acusticum.net\/wp-content\/uploads\/2024\/10\/acusticum-slider-trium-icono-1024x1024.jpg 1024w, https:\/\/acusticum.net\/wp-content\/uploads\/2024\/10\/acusticum-slider-trium-icono-150x150.jpg 150w, https:\/\/acusticum.net\/wp-content\/uploads\/2024\/10\/acusticum-slider-trium-icono-768x768.jpg 768w\" sizes=\"auto, (max-width: 1042px) 100vw, 1042px\" \/><\/a><\/figure>\n\n<h3 class=\"has-text-align-center has-link-color wp-elements-4d4c5c811e8ea033ad72c572ef97a4bb wp-block-post-title\"><a href=\"https:\/\/acusticum.net\/pt-pt\/murais\/trium\/\" target=\"_self\" >Trium<\/a><\/h3><\/div><\/div>\n\n<\/li><li class=\"wp-block-post post-2994 page type-page status-publish has-post-thumbnail hentry\">\n\n<div class=\"wp-block-group has-small-font-size wp-elements-fa52323eaa7579f8d71ad9c3fcb5bf16\" style=\"border-style:none;border-width:0px;padding-top:30px;padding-right:15px;padding-bottom:30px;padding-left:15px\"><div class=\"wp-block-group__inner-container is-layout-flow wp-block-group-is-layout-flow\"><figure style=\"aspect-ratio:1;height:200px; padding-top:0;padding-bottom:0;padding-left:0;padding-right:0;\" class=\"aligncenter wp-block-post-featured-image\"><a href=\"https:\/\/acusticum.net\/pt-pt\/murais\/vitta\/\" target=\"_self\"  style=\"height:200px\"><img loading=\"lazy\" decoding=\"async\" width=\"1043\" height=\"1043\" src=\"https:\/\/acusticum.net\/wp-content\/uploads\/2024\/12\/Acusticum-VITTA-icon-NOT-OK-11.jpg\" class=\"attachment-post-thumbnail size-post-thumbnail wp-post-image\" alt=\"Vitta\" style=\"border-radius:0px;border-style:none;border-width:0px;width:100%;height:100%;object-fit:contain;\" srcset=\"https:\/\/acusticum.net\/wp-content\/uploads\/2024\/12\/Acusticum-VITTA-icon-NOT-OK-11.jpg 1043w, https:\/\/acusticum.net\/wp-content\/uploads\/2024\/12\/Acusticum-VITTA-icon-NOT-OK-11-300x300.jpg 300w, https:\/\/acusticum.net\/wp-content\/uploads\/2024\/12\/Acusticum-VITTA-icon-NOT-OK-11-1024x1024.jpg 1024w, https:\/\/acusticum.net\/wp-content\/uploads\/2024\/12\/Acusticum-VITTA-icon-NOT-OK-11-150x150.jpg 150w, https:\/\/acusticum.net\/wp-content\/uploads\/2024\/12\/Acusticum-VITTA-icon-NOT-OK-11-768x768.jpg 768w\" sizes=\"auto, (max-width: 1043px) 100vw, 1043px\" \/><\/a><\/figure>\n\n<h3 class=\"has-text-align-center has-link-color wp-elements-4d4c5c811e8ea033ad72c572ef97a4bb wp-block-post-title\"><a href=\"https:\/\/acusticum.net\/pt-pt\/murais\/vitta\/\" target=\"_self\" >Vitta<\/a><\/h3><\/div><\/div>\n\n<\/li><\/ul><\/div>\n\n<p><\/p>\n","protected":false},"excerpt":{"rendered":"<p>Murais Os murais ACUSTICUM oferecem uma solu\u00e7\u00e3o decorativa e funcional. Melhoram a ac\u00fastica e s\u00e3o sustent\u00e1veis. As suas diferentes formas e tamanhos permitem-nos criar padr\u00f5es \u00fanicos, real\u00e7ando as suas formas com arestas biseladas. Podem ser utilizados para cobrir toda a parede ou como pormenor decorativo.<\/p>\n","protected":false},"author":1,"featured_media":0,"parent":0,"menu_order":0,"comment_status":"closed","ping_status":"closed","template":"","meta":{"neve_meta_sidebar":"","neve_meta_container":"","neve_meta_enable_content_width":"on","neve_meta_content_width":100,"neve_meta_title_alignment":"","neve_meta_author_avatar":"","neve_post_elements_order":"","neve_meta_disable_header":"","neve_meta_disable_footer":"","neve_meta_disable_title":"on","footnotes":""},"class_list":["post-2974","page","type-page","status-publish","hentry"],"yoast_head":"<!-- This site is optimized with the Yoast SEO plugin v27.2 - https:\/\/yoast.com\/product\/yoast-seo-wordpress\/ -->\n<title>Murais -<\/title>\n<meta name=\"robots\" content=\"index, follow, max-snippet:-1, max-image-preview:large, max-video-preview:-1\" \/>\n<link rel=\"canonical\" href=\"https:\/\/acusticum.net\/murales\/\" \/>\n<meta property=\"og:locale\" content=\"pt_PT\" \/>\n<meta property=\"og:type\" content=\"article\" \/>\n<meta property=\"og:title\" content=\"Murais -\" \/>\n<meta property=\"og:description\" content=\"Murais Os murais ACUSTICUM oferecem uma solu\u00e7\u00e3o decorativa e funcional. Melhoram a ac\u00fastica e s\u00e3o sustent\u00e1veis. As suas diferentes formas e tamanhos permitem-nos criar padr\u00f5es \u00fanicos, real\u00e7ando as suas formas com arestas biseladas. Podem ser utilizados para cobrir toda a parede ou como pormenor decorativo.\" \/>\n<meta property=\"og:url\" content=\"https:\/\/acusticum.net\/murales\/\" \/>\n<meta property=\"article:modified_time\" content=\"2025-01-21T15:35:53+00:00\" \/>\n<meta name=\"twitter:card\" content=\"summary_large_image\" \/>\n<script type=\"application\/ld+json\" class=\"yoast-schema-graph\">{\"@context\":\"https:\/\/schema.org\",\"@graph\":[{\"@type\":\"WebPage\",\"@id\":\"https:\/\/acusticum.net\/murales\/\",\"url\":\"https:\/\/acusticum.net\/murales\/\",\"name\":\"Murais -\",\"isPartOf\":{\"@id\":\"https:\/\/acusticum.net\/#website\"},\"datePublished\":\"2024-12-12T17:08:46+00:00\",\"dateModified\":\"2025-01-21T15:35:53+00:00\",\"breadcrumb\":{\"@id\":\"https:\/\/acusticum.net\/murales\/#breadcrumb\"},\"inLanguage\":\"pt-PT\",\"potentialAction\":[{\"@type\":\"ReadAction\",\"target\":[\"https:\/\/acusticum.net\/murales\/\"]}]},{\"@type\":\"BreadcrumbList\",\"@id\":\"https:\/\/acusticum.net\/murales\/#breadcrumb\",\"itemListElement\":[{\"@type\":\"ListItem\",\"position\":1,\"name\":\"Portada\",\"item\":\"https:\/\/acusticum.net\/\"},{\"@type\":\"ListItem\",\"position\":2,\"name\":\"Murais\"}]},{\"@type\":\"WebSite\",\"@id\":\"https:\/\/acusticum.net\/#website\",\"url\":\"https:\/\/acusticum.net\/\",\"name\":\"acusticum.com\",\"description\":\"Dise&ntilde;o que ilumina, ac&uacute;stica que transforma, sostenibilidad que inspira.\",\"publisher\":{\"@id\":\"https:\/\/acusticum.net\/#organization\"},\"potentialAction\":[{\"@type\":\"SearchAction\",\"target\":{\"@type\":\"EntryPoint\",\"urlTemplate\":\"https:\/\/acusticum.net\/?s={search_term_string}\"},\"query-input\":{\"@type\":\"PropertyValueSpecification\",\"valueRequired\":true,\"valueName\":\"search_term_string\"}}],\"inLanguage\":\"pt-PT\"},{\"@type\":\"Organization\",\"@id\":\"https:\/\/acusticum.net\/#organization\",\"name\":\"Acusticum\",\"url\":\"https:\/\/acusticum.net\/\",\"logo\":{\"@type\":\"ImageObject\",\"inLanguage\":\"pt-PT\",\"@id\":\"https:\/\/acusticum.net\/#\/schema\/logo\/image\/\",\"url\":\"https:\/\/acusticum.net\/wp-content\/uploads\/2025\/02\/cropped-A_fab-1.png\",\"contentUrl\":\"https:\/\/acusticum.net\/wp-content\/uploads\/2025\/02\/cropped-A_fab-1.png\",\"width\":512,\"height\":512,\"caption\":\"Acusticum\"},\"image\":{\"@id\":\"https:\/\/acusticum.net\/#\/schema\/logo\/image\/\"}}]}<\/script>\n<!-- \/ Yoast SEO plugin. -->","yoast_head_json":{"title":"Murais -","robots":{"index":"index","follow":"follow","max-snippet":"max-snippet:-1","max-image-preview":"max-image-preview:large","max-video-preview":"max-video-preview:-1"},"canonical":"https:\/\/acusticum.net\/murales\/","og_locale":"pt_PT","og_type":"article","og_title":"Murais -","og_description":"Murais Os murais ACUSTICUM oferecem uma solu\u00e7\u00e3o decorativa e funcional. Melhoram a ac\u00fastica e s\u00e3o sustent\u00e1veis. As suas diferentes formas e tamanhos permitem-nos criar padr\u00f5es \u00fanicos, real\u00e7ando as suas formas com arestas biseladas. Podem ser utilizados para cobrir toda a parede ou como pormenor decorativo.","og_url":"https:\/\/acusticum.net\/murales\/","article_modified_time":"2025-01-21T15:35:53+00:00","twitter_card":"summary_large_image","schema":{"@context":"https:\/\/schema.org","@graph":[{"@type":"WebPage","@id":"https:\/\/acusticum.net\/murales\/","url":"https:\/\/acusticum.net\/murales\/","name":"Murais -","isPartOf":{"@id":"https:\/\/acusticum.net\/#website"},"datePublished":"2024-12-12T17:08:46+00:00","dateModified":"2025-01-21T15:35:53+00:00","breadcrumb":{"@id":"https:\/\/acusticum.net\/murales\/#breadcrumb"},"inLanguage":"pt-PT","potentialAction":[{"@type":"ReadAction","target":["https:\/\/acusticum.net\/murales\/"]}]},{"@type":"BreadcrumbList","@id":"https:\/\/acusticum.net\/murales\/#breadcrumb","itemListElement":[{"@type":"ListItem","position":1,"name":"Portada","item":"https:\/\/acusticum.net\/"},{"@type":"ListItem","position":2,"name":"Murais"}]},{"@type":"WebSite","@id":"https:\/\/acusticum.net\/#website","url":"https:\/\/acusticum.net\/","name":"acusticum.com","description":"Dise&ntilde;o que ilumina, ac&uacute;stica que transforma, sostenibilidad que inspira.","publisher":{"@id":"https:\/\/acusticum.net\/#organization"},"potentialAction":[{"@type":"SearchAction","target":{"@type":"EntryPoint","urlTemplate":"https:\/\/acusticum.net\/?s={search_term_string}"},"query-input":{"@type":"PropertyValueSpecification","valueRequired":true,"valueName":"search_term_string"}}],"inLanguage":"pt-PT"},{"@type":"Organization","@id":"https:\/\/acusticum.net\/#organization","name":"Acusticum","url":"https:\/\/acusticum.net\/","logo":{"@type":"ImageObject","inLanguage":"pt-PT","@id":"https:\/\/acusticum.net\/#\/schema\/logo\/image\/","url":"https:\/\/acusticum.net\/wp-content\/uploads\/2025\/02\/cropped-A_fab-1.png","contentUrl":"https:\/\/acusticum.net\/wp-content\/uploads\/2025\/02\/cropped-A_fab-1.png","width":512,"height":512,"caption":"Acusticum"},"image":{"@id":"https:\/\/acusticum.net\/#\/schema\/logo\/image\/"}}]}},"_links":{"self":[{"href":"https:\/\/acusticum.net\/pt-pt\/wp-json\/wp\/v2\/pages\/2974","targetHints":{"allow":["GET"]}}],"collection":[{"href":"https:\/\/acusticum.net\/pt-pt\/wp-json\/wp\/v2\/pages"}],"about":[{"href":"https:\/\/acusticum.net\/pt-pt\/wp-json\/wp\/v2\/types\/page"}],"author":[{"embeddable":true,"href":"https:\/\/acusticum.net\/pt-pt\/wp-json\/wp\/v2\/users\/1"}],"replies":[{"embeddable":true,"href":"https:\/\/acusticum.net\/pt-pt\/wp-json\/wp\/v2\/comments?post=2974"}],"version-history":[{"count":1,"href":"https:\/\/acusticum.net\/pt-pt\/wp-json\/wp\/v2\/pages\/2974\/revisions"}],"predecessor-version":[{"id":2976,"href":"https:\/\/acusticum.net\/pt-pt\/wp-json\/wp\/v2\/pages\/2974\/revisions\/2976"}],"wp:attachment":[{"href":"https:\/\/acusticum.net\/pt-pt\/wp-json\/wp\/v2\/media?parent=2974"}],"curies":[{"name":"wp","href":"https:\/\/api.w.org\/{rel}","templated":true}]}}